{"id":1831,"date":"2025-06-24T14:26:19","date_gmt":"2025-06-24T12:26:19","guid":{"rendered":"https:\/\/myopianetwork.eu\/?page_id=1831"},"modified":"2026-04-13T14:29:25","modified_gmt":"2026-04-13T12:29:25","slug":"rada","status":"publish","type":"page","link":"https:\/\/myopianetwork.eu\/pl\/rada\/","title":{"rendered":"Rada"},"content":{"rendered":"<section class=\"l-section wpb_row height_medium\"><div class=\"l-section-h i-cf\"><div class=\"g-cols vc_row via_flex valign_top type_default stacking_default\"><div class=\"vc_col-sm-6 wpb_column vc_column_container\"><div class=\"vc_column-inner\"><div class=\"wpb_wrapper\"><div class=\"w-iconbox us_custom_eb849559 iconpos_top style_default color_secondary align_center\"><div class=\"w-iconbox-icon\" style=\"font-size:62px;\"><i class=\"fas fa-map-marked-alt\"><\/i><\/div><div class=\"w-iconbox-meta\"><h2 class=\"w-iconbox-title\" style=\"font-size:32px;\">Europejska Platforma ds. Kr\u00f3tkowzroczno\u015bci<\/h2><div class=\"w-iconbox-text\"><p>Cz\u0142onkowie Rady stanowi\u0105 europejsk\u0105 reprezentacj\u0119 wybitnych ekspert\u00f3w w zakresie profilaktyki i leczenia kr\u00f3tkowzroczno\u015bci.<\/p>\n<\/div><\/div><\/div><\/div><\/div><\/div><div class=\"vc_col-sm-6 wpb_column vc_column_container\"><div class=\"vc_column-inner\"><div class=\"wpb_wrapper\"><div class=\"w-image align_center\"><div class=\"w-image-h\"><img decoding=\"async\" width=\"2560\" height=\"1960\" src=\"https:\/\/myopianetwork.eu\/wp-content\/uploads\/2025\/06\/europe-scaled.jpeg\" class=\"attachment-full size-full\" alt=\"europe\" loading=\"lazy\" srcset=\"https:\/\/myopianetwork.eu\/wp-content\/uploads\/2025\/06\/europe-scaled.jpeg 2560w, https:\/\/myopianetwork.eu\/wp-content\/uploads\/2025\/06\/europe-300x230.jpeg 300w, https:\/\/myopianetwork.eu\/wp-content\/uploads\/2025\/06\/europe-1024x784.jpeg 1024w\" sizes=\"auto, (max-width: 2560px) 100vw, 2560px\" \/><\/div><\/div><\/div><\/div><\/div><\/div><\/div><\/section><section class=\"l-section wpb_row height_medium\"><div class=\"l-section-h i-cf\"><div class=\"g-cols vc_row via_flex valign_top type_default stacking_default\"><div class=\"vc_col-sm-12 wpb_column vc_column_container\"><div class=\"vc_column-inner\"><div class=\"wpb_wrapper\"><h2 class=\"w-text us_custom_eb849559\"><span class=\"w-text-h\"><span class=\"w-text-value\">Sk\u0142ad Rady<\/span><\/span><\/h2><\/div><\/div><\/div><\/div><\/div><\/section><section class=\"l-section wpb_row height_medium\"><div class=\"l-section-h i-cf\"><div class=\"g-cols vc_row via_flex valign_top type_default stacking_default\"><div class=\"vc_col-sm-12 wpb_column vc_column_container\"><div class=\"vc_column-inner\"><div class=\"wpb_wrapper\"><div class=\"w-image align_center\"><div class=\"w-image-h\"><img decoding=\"async\" width=\"300\" height=\"300\" src=\"https:\/\/myopianetwork.eu\/wp-content\/uploads\/2025\/06\/prof-Andrzej-Grzybowski-300x300.png\" class=\"attachment-medium size-medium\" alt=\"prof Andrzej Grzybowski\" loading=\"lazy\" srcset=\"https:\/\/myopianetwork.eu\/wp-content\/uploads\/2025\/06\/prof-Andrzej-Grzybowski-300x300.png 300w, https:\/\/myopianetwork.eu\/wp-content\/uploads\/2025\/06\/prof-Andrzej-Grzybowski-150x150.png 150w, https:\/\/myopianetwork.eu\/wp-content\/uploads\/2025\/06\/prof-Andrzej-Grzybowski.png 1024w\" sizes=\"auto, (max-width: 300px) 100vw, 300px\" \/><\/div><\/div><div class=\"wpb_text_column\"><div class=\"wpb_wrapper\"><h3 style=\"text-align: center;\">Andrzej Grzybowski, MD, PhD, MBA, MAE<\/h3>\n<h3 style=\"text-align: center;\">Przewodnicz\u0105cy<\/h3>\n<p style=\"text-align: center;\">Professor of Ophthalmology<br \/>\nUniversity of Warmia and Mazury, Olsztyn, Poland<br \/>\nHead of the Institute for Research in Ophthalmology<br \/>\nPresident of the Foundation for Supporting the Development of Ophthalmology \u201cOphthalmology 21\u201d<\/p>\n<\/div><\/div><\/div><\/div><\/div><\/div><\/div><\/section><section class=\"l-section wpb_row height_medium\"><div class=\"l-section-h i-cf\"><div class=\"g-cols vc_row via_flex valign_top type_default stacking_default\"><div class=\"vc_col-sm-12 wpb_column vc_column_container\"><div class=\"vc_column-inner\"><div class=\"wpb_wrapper\"><div class=\"w-grid type_grid layout_1506 cols_3 valign_center pagination_infinite\" id=\"us_grid_1\" style=\"--columns:3;--gap:1.5rem;\" data-filterable=\"true\"><style>@media (max-width:1024px){#us_grid_1{--columns:2!important}}@media (max-width:600px){#us_grid_1{--columns:1!important}}.layout_1506 .w-grid-item-h{border-radius:0.6rem;box-shadow:0 0.06rem 0.12rem rgba(0,0,0,0.1),0 0.2rem 0.6rem rgba(0,0,0,0.1);transition-duration:0.3s}.no-touch .layout_1506 .w-grid-item-h:hover{box-shadow:0 0.1rem 0.2rem rgba(0,0,0,0.1),0 0.33rem 1rem rgba(0,0,0,0.15);z-index:4}.layout_1506 .usg_vwrapper_1{transition-duration:0.3s;transform-origin:50% 50%;transform:scale(1) translate(0%,0%)}.layout_1506 .w-grid-item-h:hover .usg_vwrapper_1{transform:scale(1.01) translate(0%,0%);opacity:1}.layout_1506 .usg_post_image_1{width:160px!important;height:160px!important}.layout_1506 .usg_post_title_1{text-align:center!important;font-size:24px!important}.layout_1506 .usg_vwrapper_1{height:100%!important;padding:24px!important}.layout_1506 .usg_post_custom_field_1{text-align:center!important;font-size:16px!important;line-height:16px!important;font-weight:600!important;margin-top:10px!important;margin-bottom:10px!important}<\/style><div class=\"w-grid-list\">\t<article class=\"w-grid-item size_1x1 post-2626 us_portfolio type-us_portfolio status-publish has-post-thumbnail hentry\" data-id=\"2626\">\r\n\t\t<div class=\"w-grid-item-h\">\r\n\t\t\t\t\t\t\t<a href=\"https:\/\/myopianetwork.eu\/pl\/council\/dr-cristina-alvarez-peregrina-phd\/\" class=\"w-grid-item-anchor\" aria-label=\"Dr Cristina Alvarez Peregrina, PhD\"><\/a>\r\n\t\t\t\t\t\t<div class=\"w-vwrapper usg_vwrapper_1 align_center valign_top\" style=\"--vwrapper-gap:0.6rem\"><div class=\"w-post-elm post_image usg_post_image_1 as_circle has_width has_height stretched\"><a href=\"https:\/\/myopianetwork.eu\/pl\/council\/dr-cristina-alvarez-peregrina-phd\/\" aria-label=\"Dr Cristina Alvarez Peregrina, PhD\"><img loading=\"lazy\" decoding=\"async\" width=\"400\" height=\"573\" src=\"https:\/\/myopianetwork.eu\/wp-content\/uploads\/2025\/09\/IMG_0953_v2-002-1.webp\" class=\"attachment-full size-full wp-post-image\" alt=\"Cristina\" srcset=\"https:\/\/myopianetwork.eu\/wp-content\/uploads\/2025\/09\/IMG_0953_v2-002-1.webp 400w, https:\/\/myopianetwork.eu\/wp-content\/uploads\/2025\/09\/IMG_0953_v2-002-1-209x300.webp 209w\" sizes=\"auto, (max-width: 400px) 100vw, 400px\" \/><\/a><\/div><p class=\"w-post-elm post_title usg_post_title_1 entry-title color_link_inherit\"><a href=\"https:\/\/myopianetwork.eu\/pl\/council\/dr-cristina-alvarez-peregrina-phd\/\">Dr Cristina Alvarez Peregrina, PhD<\/a><\/p><div class=\"w-post-elm post_custom_field usg_post_custom_field_1 type_text country color_link_inherit\"><span class=\"w-post-elm-value\">Spain<\/span><\/div><div class=\"w-post-elm post_content usg_post_content_1\"><p>Full-time Lecturer and Researcher, Universidad Complutense de Madrid<\/p>\n<\/div><\/div>\t\t<\/div>\r\n\t\t\t<\/article>\r\n\t<article class=\"w-grid-item size_1x1 post-2610 us_portfolio type-us_portfolio status-publish has-post-thumbnail hentry\" data-id=\"2610\">\r\n\t\t<div class=\"w-grid-item-h\">\r\n\t\t\t\t\t\t\t<a href=\"https:\/\/myopianetwork.eu\/pl\/council\/max-aricochi\/\" class=\"w-grid-item-anchor\" aria-label=\"Max Aricochi\"><\/a>\r\n\t\t\t\t\t\t<div class=\"w-vwrapper usg_vwrapper_1 align_center valign_top\" style=\"--vwrapper-gap:0.6rem\"><div class=\"w-post-elm post_image usg_post_image_1 as_circle has_width has_height stretched\"><a href=\"https:\/\/myopianetwork.eu\/pl\/council\/max-aricochi\/\" aria-label=\"Max Aricochi\"><img loading=\"lazy\" decoding=\"async\" width=\"600\" height=\"800\" src=\"https:\/\/myopianetwork.eu\/wp-content\/uploads\/2026\/02\/max-aricochi-1.jpg\" class=\"attachment-full size-full wp-post-image\" alt=\"\" srcset=\"https:\/\/myopianetwork.eu\/wp-content\/uploads\/2026\/02\/max-aricochi-1.jpg 600w, https:\/\/myopianetwork.eu\/wp-content\/uploads\/2026\/02\/max-aricochi-1-225x300.jpg 225w\" sizes=\"auto, (max-width: 600px) 100vw, 600px\" \/><\/a><\/div><p class=\"w-post-elm post_title usg_post_title_1 entry-title color_link_inherit\"><a href=\"https:\/\/myopianetwork.eu\/pl\/council\/max-aricochi\/\">Max Aricochi<\/a><\/p><div class=\"w-post-elm post_custom_field usg_post_custom_field_1 type_text country color_link_inherit\"><span class=\"w-post-elm-value\">Austria<\/span><\/div><div class=\"w-post-elm post_content usg_post_content_1\"><p>Optometrist, M.Sc., FEAOO, Augenzentrum Kettenbr\u00fccke<\/p>\n<\/div><\/div>\t\t<\/div>\r\n\t\t\t<\/article>\r\n\t<article class=\"w-grid-item size_1x1 post-2623 us_portfolio type-us_portfolio status-publish has-post-thumbnail hentry\" data-id=\"2623\">\r\n\t\t<div class=\"w-grid-item-h\">\r\n\t\t\t\t\t\t\t<a href=\"https:\/\/myopianetwork.eu\/pl\/council\/prof-huban-atilla-md-febo\/\" class=\"w-grid-item-anchor\" aria-label=\"Prof. Huban AT\u0130LLA, MD, FEBO\"><\/a>\r\n\t\t\t\t\t\t<div class=\"w-vwrapper usg_vwrapper_1 align_center valign_top\" style=\"--vwrapper-gap:0.6rem\"><div class=\"w-post-elm post_image usg_post_image_1 as_circle has_width has_height stretched\"><a href=\"https:\/\/myopianetwork.eu\/pl\/council\/prof-huban-atilla-md-febo\/\" aria-label=\"Prof. Huban AT\u0130LLA, MD, FEBO\"><img loading=\"lazy\" decoding=\"async\" width=\"2560\" height=\"1707\" src=\"https:\/\/myopianetwork.eu\/wp-content\/uploads\/2025\/09\/IMG_6001-1-scaled.jpg\" class=\"attachment-full size-full wp-post-image\" alt=\"Huban AT\u0130LLA, MD, FEBO\" srcset=\"https:\/\/myopianetwork.eu\/wp-content\/uploads\/2025\/09\/IMG_6001-1-scaled.jpg 2560w, https:\/\/myopianetwork.eu\/wp-content\/uploads\/2025\/09\/IMG_6001-1-300x200.jpg 300w, https:\/\/myopianetwork.eu\/wp-content\/uploads\/2025\/09\/IMG_6001-1-1024x683.jpg 1024w\" sizes=\"auto, (max-width: 2560px) 100vw, 2560px\" \/><\/a><\/div><p class=\"w-post-elm post_title usg_post_title_1 entry-title color_link_inherit\"><a href=\"https:\/\/myopianetwork.eu\/pl\/council\/prof-huban-atilla-md-febo\/\">Prof. Huban AT\u0130LLA, MD, FEBO<\/a><\/p><div class=\"w-post-elm post_custom_field usg_post_custom_field_1 type_text country color_link_inherit\"><span class=\"w-post-elm-value\">Turkey<\/span><\/div><div class=\"w-post-elm post_content usg_post_content_1\"><p>Head of Ophthalmology Department at Ankara University<\/p>\n<\/div><\/div>\t\t<\/div>\r\n\t\t\t<\/article>\r\n\t<article class=\"w-grid-item size_1x1 post-2603 us_portfolio type-us_portfolio status-publish has-post-thumbnail hentry\" data-id=\"2603\">\r\n\t\t<div class=\"w-grid-item-h\">\r\n\t\t\t\t\t\t\t<a href=\"https:\/\/myopianetwork.eu\/pl\/council\/aiste-augyte-md-febo\/\" class=\"w-grid-item-anchor\" aria-label=\"Aiste Augyte, MD FEBO\"><\/a>\r\n\t\t\t\t\t\t<div class=\"w-vwrapper usg_vwrapper_1 align_center valign_top\" style=\"--vwrapper-gap:0.6rem\"><div class=\"w-post-elm post_image usg_post_image_1 as_circle has_width has_height stretched\"><a href=\"https:\/\/myopianetwork.eu\/pl\/council\/aiste-augyte-md-febo\/\" aria-label=\"Aiste Augyte, MD FEBO\"><img loading=\"lazy\" decoding=\"async\" width=\"199\" height=\"265\" src=\"https:\/\/myopianetwork.eu\/wp-content\/uploads\/2026\/04\/Aiste-Augyte.webp\" class=\"attachment-full size-full wp-post-image\" alt=\"Aiste Augyte\" \/><\/a><\/div><p class=\"w-post-elm post_title usg_post_title_1 entry-title color_link_inherit\"><a href=\"https:\/\/myopianetwork.eu\/pl\/council\/aiste-augyte-md-febo\/\">Aiste Augyte, MD FEBO<\/a><\/p><div class=\"w-post-elm post_custom_field usg_post_custom_field_1 type_text country color_link_inherit\"><span class=\"w-post-elm-value\">Lithuania<\/span><\/div><div class=\"w-post-elm post_content usg_post_content_1\"><p>Ophthalmologist, Paediatric Eye Diseases, Vilnius University Hospital Santaros Klinikos, Children Hospital<\/p>\n<\/div><\/div>\t\t<\/div>\r\n\t\t\t<\/article>\r\n\t<article class=\"w-grid-item size_1x1 post-2625 us_portfolio type-us_portfolio status-publish has-post-thumbnail hentry\" data-id=\"2625\">\r\n\t\t<div class=\"w-grid-item-h\">\r\n\t\t\t\t\t\t\t<a href=\"https:\/\/myopianetwork.eu\/pl\/council\/prof-dominique-sandra-bremond-gignac-md-phd-febo\/\" class=\"w-grid-item-anchor\" aria-label=\"Prof. Dominique, Sandra BREMOND-GIGNAC, MD, PhD, FEBO\"><\/a>\r\n\t\t\t\t\t\t<div class=\"w-vwrapper usg_vwrapper_1 align_center valign_top\" style=\"--vwrapper-gap:0.6rem\"><div class=\"w-post-elm post_image usg_post_image_1 as_circle has_width has_height stretched\"><a href=\"https:\/\/myopianetwork.eu\/pl\/council\/prof-dominique-sandra-bremond-gignac-md-phd-febo\/\" aria-label=\"Prof. Dominique, Sandra BREMOND-GIGNAC, MD, PhD, FEBO\"><img loading=\"lazy\" decoding=\"async\" width=\"1388\" height=\"1308\" src=\"https:\/\/myopianetwork.eu\/wp-content\/uploads\/2025\/09\/Photo-Cadree-1.jpg\" class=\"attachment-full size-full wp-post-image\" alt=\"Dominique, Sandra BREMOND-GIGNAC\" srcset=\"https:\/\/myopianetwork.eu\/wp-content\/uploads\/2025\/09\/Photo-Cadree-1.jpg 1388w, https:\/\/myopianetwork.eu\/wp-content\/uploads\/2025\/09\/Photo-Cadree-1-300x283.jpg 300w, https:\/\/myopianetwork.eu\/wp-content\/uploads\/2025\/09\/Photo-Cadree-1-1024x965.jpg 1024w\" sizes=\"auto, (max-width: 1388px) 100vw, 1388px\" \/><\/a><\/div><p class=\"w-post-elm post_title usg_post_title_1 entry-title color_link_inherit\"><a href=\"https:\/\/myopianetwork.eu\/pl\/council\/prof-dominique-sandra-bremond-gignac-md-phd-febo\/\">Prof. Dominique, Sandra BREMOND-GIGNAC, MD, PhD, FEBO<\/a><\/p><div class=\"w-post-elm post_custom_field usg_post_custom_field_1 type_text country color_link_inherit\"><span class=\"w-post-elm-value\">France<\/span><\/div><div class=\"w-post-elm post_content usg_post_content_1\"><p>Head of Ophthalmology Department, University Hospital Necker Enfants-malades<\/p>\n<\/div><\/div>\t\t<\/div>\r\n\t\t\t<\/article>\r\n\t<article class=\"w-grid-item size_1x1 post-2627 us_portfolio type-us_portfolio status-publish has-post-thumbnail hentry\" data-id=\"2627\">\r\n\t\t<div class=\"w-grid-item-h\">\r\n\t\t\t\t\t\t\t<a href=\"https:\/\/myopianetwork.eu\/pl\/council\/dr-carla-lanca\/\" class=\"w-grid-item-anchor\" aria-label=\"Dr Carla Lanca\"><\/a>\r\n\t\t\t\t\t\t<div class=\"w-vwrapper usg_vwrapper_1 align_center valign_top\" style=\"--vwrapper-gap:0.6rem\"><div class=\"w-post-elm post_image usg_post_image_1 as_circle has_width has_height stretched\"><a href=\"https:\/\/myopianetwork.eu\/pl\/council\/dr-carla-lanca\/\" aria-label=\"Dr Carla Lanca\"><img loading=\"lazy\" decoding=\"async\" width=\"516\" height=\"588\" src=\"https:\/\/myopianetwork.eu\/wp-content\/uploads\/2025\/09\/Carla-Lanca-2025-1.png\" class=\"attachment-full size-full wp-post-image\" alt=\"Carla Lanca\" srcset=\"https:\/\/myopianetwork.eu\/wp-content\/uploads\/2025\/09\/Carla-Lanca-2025-1.png 516w, https:\/\/myopianetwork.eu\/wp-content\/uploads\/2025\/09\/Carla-Lanca-2025-1-263x300.png 263w\" sizes=\"auto, (max-width: 516px) 100vw, 516px\" \/><\/a><\/div><p class=\"w-post-elm post_title usg_post_title_1 entry-title color_link_inherit\"><a href=\"https:\/\/myopianetwork.eu\/pl\/council\/dr-carla-lanca\/\">Dr Carla Lanca<\/a><\/p><div class=\"w-post-elm post_custom_field usg_post_custom_field_1 type_text country color_link_inherit\"><span class=\"w-post-elm-value\">Portugal<\/span><\/div><div class=\"w-post-elm post_content usg_post_content_1\"><p>Research Associate at New York University Abu Dhabi (NYUAD)<\/p>\n<\/div><\/div>\t\t<\/div>\r\n\t\t\t<\/article>\r\n\t<article class=\"w-grid-item size_1x1 post-2604 us_portfolio type-us_portfolio status-publish has-post-thumbnail hentry\" data-id=\"2604\">\r\n\t\t<div class=\"w-grid-item-h\">\r\n\t\t\t\t\t\t\t<a href=\"https:\/\/myopianetwork.eu\/pl\/council\/dr-mhairi-day\/\" class=\"w-grid-item-anchor\" aria-label=\"Dr Mhairi Day\"><\/a>\r\n\t\t\t\t\t\t<div class=\"w-vwrapper usg_vwrapper_1 align_center valign_top\" style=\"--vwrapper-gap:0.6rem\"><div class=\"w-post-elm post_image usg_post_image_1 as_circle has_width has_height stretched\"><a href=\"https:\/\/myopianetwork.eu\/pl\/council\/dr-mhairi-day\/\" aria-label=\"Dr Mhairi Day\"><img loading=\"lazy\" decoding=\"async\" width=\"2560\" height=\"1920\" src=\"https:\/\/myopianetwork.eu\/wp-content\/uploads\/2026\/03\/Dr-Mhairi-Day-scaled.jpg\" class=\"attachment-full size-full wp-post-image\" alt=\"Dr Mhairi Day\" srcset=\"https:\/\/myopianetwork.eu\/wp-content\/uploads\/2026\/03\/Dr-Mhairi-Day-scaled.jpg 2560w, https:\/\/myopianetwork.eu\/wp-content\/uploads\/2026\/03\/Dr-Mhairi-Day-300x225.jpg 300w, https:\/\/myopianetwork.eu\/wp-content\/uploads\/2026\/03\/Dr-Mhairi-Day-1024x768.jpg 1024w\" sizes=\"auto, (max-width: 2560px) 100vw, 2560px\" \/><\/a><\/div><p class=\"w-post-elm post_title usg_post_title_1 entry-title color_link_inherit\"><a href=\"https:\/\/myopianetwork.eu\/pl\/council\/dr-mhairi-day\/\">Dr Mhairi Day<\/a><\/p><div class=\"w-post-elm post_custom_field usg_post_custom_field_1 type_text country color_link_inherit\"><span class=\"w-post-elm-value\">United Kingdom<\/span><\/div><div class=\"w-post-elm post_content usg_post_content_1\"><p>Senior Lecturer, Department of Vision Sciences, Glasgow Caledonian University<\/p>\n<\/div><\/div>\t\t<\/div>\r\n\t\t\t<\/article>\r\n\t<article class=\"w-grid-item size_1x1 post-2611 us_portfolio type-us_portfolio status-publish has-post-thumbnail hentry\" data-id=\"2611\">\r\n\t\t<div class=\"w-grid-item-h\">\r\n\t\t\t\t\t\t\t<a href=\"https:\/\/myopianetwork.eu\/pl\/council\/dr-patricia-delbeke\/\" class=\"w-grid-item-anchor\" aria-label=\"Dr. Patricia Delbeke\"><\/a>\r\n\t\t\t\t\t\t<div class=\"w-vwrapper usg_vwrapper_1 align_center valign_top\" style=\"--vwrapper-gap:0.6rem\"><div class=\"w-post-elm post_image usg_post_image_1 as_circle has_width has_height stretched\"><a href=\"https:\/\/myopianetwork.eu\/pl\/council\/dr-patricia-delbeke\/\" aria-label=\"Dr. Patricia Delbeke\"><img loading=\"lazy\" decoding=\"async\" width=\"800\" height=\"600\" src=\"https:\/\/myopianetwork.eu\/wp-content\/uploads\/2026\/02\/patricia-delbeke.jpg\" class=\"attachment-full size-full wp-post-image\" alt=\"\" srcset=\"https:\/\/myopianetwork.eu\/wp-content\/uploads\/2026\/02\/patricia-delbeke.jpg 800w, https:\/\/myopianetwork.eu\/wp-content\/uploads\/2026\/02\/patricia-delbeke-300x225.jpg 300w\" sizes=\"auto, (max-width: 800px) 100vw, 800px\" \/><\/a><\/div><p class=\"w-post-elm post_title usg_post_title_1 entry-title color_link_inherit\"><a href=\"https:\/\/myopianetwork.eu\/pl\/council\/dr-patricia-delbeke\/\">Dr. Patricia Delbeke<\/a><\/p><div class=\"w-post-elm post_custom_field usg_post_custom_field_1 type_text country color_link_inherit\"><span class=\"w-post-elm-value\">Belgium<\/span><\/div><div class=\"w-post-elm post_content usg_post_content_1\"><p>Paediatric ophthalmologist at the University Hospital Ghent<\/p>\n<\/div><\/div>\t\t<\/div>\r\n\t\t\t<\/article>\r\n\t<article class=\"w-grid-item size_1x1 post-2608 us_portfolio type-us_portfolio status-publish has-post-thumbnail hentry\" data-id=\"2608\">\r\n\t\t<div class=\"w-grid-item-h\">\r\n\t\t\t\t\t\t\t<a href=\"https:\/\/myopianetwork.eu\/pl\/council\/dr-pelsin-demir\/\" class=\"w-grid-item-anchor\" aria-label=\"Dr Pelsin Demir\"><\/a>\r\n\t\t\t\t\t\t<div class=\"w-vwrapper usg_vwrapper_1 align_center valign_top\" style=\"--vwrapper-gap:0.6rem\"><div class=\"w-post-elm post_image usg_post_image_1 as_circle has_width has_height stretched\"><a href=\"https:\/\/myopianetwork.eu\/pl\/council\/dr-pelsin-demir\/\" aria-label=\"Dr Pelsin Demir\"><img loading=\"lazy\" decoding=\"async\" width=\"600\" height=\"800\" src=\"https:\/\/myopianetwork.eu\/wp-content\/uploads\/2026\/02\/pelsin-demir-1.jpg\" class=\"attachment-full size-full wp-post-image\" alt=\"\" srcset=\"https:\/\/myopianetwork.eu\/wp-content\/uploads\/2026\/02\/pelsin-demir-1.jpg 600w, https:\/\/myopianetwork.eu\/wp-content\/uploads\/2026\/02\/pelsin-demir-1-225x300.jpg 225w\" sizes=\"auto, (max-width: 600px) 100vw, 600px\" \/><\/a><\/div><p class=\"w-post-elm post_title usg_post_title_1 entry-title color_link_inherit\"><a href=\"https:\/\/myopianetwork.eu\/pl\/council\/dr-pelsin-demir\/\">Dr Pelsin Demir<\/a><\/p><div class=\"w-post-elm post_custom_field usg_post_custom_field_1 type_text country color_link_inherit\"><span class=\"w-post-elm-value\">Sweden<\/span><\/div><div class=\"w-post-elm post_content usg_post_content_1\"><p>Senior Lecturer and Researcher in Optometry at Linnaeus University, Sweden.<\/p>\n<\/div><\/div>\t\t<\/div>\r\n\t\t\t<\/article>\r\n\t<article class=\"w-grid-item size_1x1 post-2606 us_portfolio type-us_portfolio status-publish has-post-thumbnail hentry\" data-id=\"2606\">\r\n\t\t<div class=\"w-grid-item-h\">\r\n\t\t\t\t\t\t\t<a href=\"https:\/\/myopianetwork.eu\/pl\/council\/dr-megan-doyle\/\" class=\"w-grid-item-anchor\" aria-label=\"Dr Megan Doyle\"><\/a>\r\n\t\t\t\t\t\t<div class=\"w-vwrapper usg_vwrapper_1 align_center valign_top\" style=\"--vwrapper-gap:0.6rem\"><div class=\"w-post-elm post_image usg_post_image_1 as_circle has_width has_height stretched\"><a href=\"https:\/\/myopianetwork.eu\/pl\/council\/dr-megan-doyle\/\" aria-label=\"Dr Megan Doyle\"><img loading=\"lazy\" decoding=\"async\" width=\"751\" height=\"1170\" src=\"https:\/\/myopianetwork.eu\/wp-content\/uploads\/2026\/03\/Megan-Doyle-Headshot.jpeg\" class=\"attachment-full size-full wp-post-image\" alt=\"Megan Doyle Headshot\" srcset=\"https:\/\/myopianetwork.eu\/wp-content\/uploads\/2026\/03\/Megan-Doyle-Headshot.jpeg 751w, https:\/\/myopianetwork.eu\/wp-content\/uploads\/2026\/03\/Megan-Doyle-Headshot-193x300.jpeg 193w, https:\/\/myopianetwork.eu\/wp-content\/uploads\/2026\/03\/Megan-Doyle-Headshot-657x1024.jpeg 657w\" sizes=\"auto, (max-width: 751px) 100vw, 751px\" \/><\/a><\/div><p class=\"w-post-elm post_title usg_post_title_1 entry-title color_link_inherit\"><a href=\"https:\/\/myopianetwork.eu\/pl\/council\/dr-megan-doyle\/\">Dr Megan Doyle<\/a><\/p><div class=\"w-post-elm post_custom_field usg_post_custom_field_1 type_text country color_link_inherit\"><span class=\"w-post-elm-value\">Ireland<\/span><\/div><div class=\"w-post-elm post_content usg_post_content_1\"><p>Postdoctoral researcher, School of Physics, Clinical and Optometric Sciences, Centre for Eye Research Ireland, Technological University Dublin<\/p>\n<\/div><\/div>\t\t<\/div>\r\n\t\t\t<\/article>\r\n\t<article class=\"w-grid-item size_1x1 post-2621 us_portfolio type-us_portfolio status-publish has-post-thumbnail hentry\" data-id=\"2621\">\r\n\t\t<div class=\"w-grid-item-h\">\r\n\t\t\t\t\t\t\t<a href=\"https:\/\/myopianetwork.eu\/pl\/council\/dr-leila-sara-eppenberger-md-msc-fmh-febo\/\" class=\"w-grid-item-anchor\" aria-label=\"Dr Leila Sara Eppenberger MD, MSc, FMH, FEBO\"><\/a>\r\n\t\t\t\t\t\t<div class=\"w-vwrapper usg_vwrapper_1 align_center valign_top\" style=\"--vwrapper-gap:0.6rem\"><div class=\"w-post-elm post_image usg_post_image_1 as_circle has_width has_height stretched\"><a href=\"https:\/\/myopianetwork.eu\/pl\/council\/dr-leila-sara-eppenberger-md-msc-fmh-febo\/\" aria-label=\"Dr Leila Sara Eppenberger MD, MSc, FMH, FEBO\"><img loading=\"lazy\" decoding=\"async\" width=\"480\" height=\"640\" src=\"https:\/\/myopianetwork.eu\/wp-content\/uploads\/2025\/09\/LI_IMG_1742_B-1.jpg\" class=\"attachment-full size-full wp-post-image\" alt=\"Leila Sara Eppenberger\" srcset=\"https:\/\/myopianetwork.eu\/wp-content\/uploads\/2025\/09\/LI_IMG_1742_B-1.jpg 480w, https:\/\/myopianetwork.eu\/wp-content\/uploads\/2025\/09\/LI_IMG_1742_B-1-225x300.jpg 225w\" sizes=\"auto, (max-width: 480px) 100vw, 480px\" \/><\/a><\/div><p class=\"w-post-elm post_title usg_post_title_1 entry-title color_link_inherit\"><a href=\"https:\/\/myopianetwork.eu\/pl\/council\/dr-leila-sara-eppenberger-md-msc-fmh-febo\/\">Dr Leila Sara Eppenberger MD, MSc, FMH, FEBO<\/a><\/p><div class=\"w-post-elm post_custom_field usg_post_custom_field_1 type_text country color_link_inherit\"><span class=\"w-post-elm-value\">Switzerland<\/span><\/div><div class=\"w-post-elm post_content usg_post_content_1\"><p>Consultant Ophthalmologist and Clinician Scientist<\/p>\n<\/div><\/div>\t\t<\/div>\r\n\t\t\t<\/article>\r\n\t<article class=\"w-grid-item size_1x1 post-2630 us_portfolio type-us_portfolio status-publish has-post-thumbnail hentry\" data-id=\"2630\">\r\n\t\t<div class=\"w-grid-item-h\">\r\n\t\t\t\t\t\t\t<a href=\"https:\/\/myopianetwork.eu\/pl\/council\/dr-arvydas-gelzinis-md-phd\/\" class=\"w-grid-item-anchor\" aria-label=\"Dr Arvydas Gelzinis, MD, PhD\"><\/a>\r\n\t\t\t\t\t\t<div class=\"w-vwrapper usg_vwrapper_1 align_center valign_top\" style=\"--vwrapper-gap:0.6rem\"><div class=\"w-post-elm post_image usg_post_image_1 as_circle has_width has_height stretched\"><a href=\"https:\/\/myopianetwork.eu\/pl\/council\/dr-arvydas-gelzinis-md-phd\/\" aria-label=\"Dr Arvydas Gelzinis, MD, PhD\"><img loading=\"lazy\" decoding=\"async\" width=\"1850\" height=\"2560\" src=\"https:\/\/myopianetwork.eu\/wp-content\/uploads\/2025\/09\/IMG_3254-scaled.jpg\" class=\"attachment-full size-full wp-post-image\" alt=\"Arvydas\" srcset=\"https:\/\/myopianetwork.eu\/wp-content\/uploads\/2025\/09\/IMG_3254-scaled.jpg 1850w, https:\/\/myopianetwork.eu\/wp-content\/uploads\/2025\/09\/IMG_3254-217x300.jpg 217w, https:\/\/myopianetwork.eu\/wp-content\/uploads\/2025\/09\/IMG_3254-740x1024.jpg 740w\" sizes=\"auto, (max-width: 1850px) 100vw, 1850px\" \/><\/a><\/div><p class=\"w-post-elm post_title usg_post_title_1 entry-title color_link_inherit\"><a href=\"https:\/\/myopianetwork.eu\/pl\/council\/dr-arvydas-gelzinis-md-phd\/\">Dr Arvydas Gelzinis, MD, PhD<\/a><\/p><div class=\"w-post-elm post_custom_field usg_post_custom_field_1 type_text country color_link_inherit\"><span class=\"w-post-elm-value\">Lithuania<\/span><\/div><div class=\"w-post-elm post_content usg_post_content_1\"><p>Head od Pediatric ophthalmology department<\/p>\n<\/div><\/div>\t\t<\/div>\r\n\t\t\t<\/article>\r\n<\/div><div class=\"w-grid-preloader\">\t<div class=\"g-preloader type_1\">\r\n\t\t<div><\/div>\r\n\t<\/div>\r\n\t<\/div>\t\t\t<div class=\"g-loadmore \">\r\n\t\t\t\t<div class=\"g-preloader type_1\">\r\n\t\t\t\t\t<div><\/div>\r\n\t\t\t\t<\/div>\r\n\t\t\t\t<button class=\"w-btn us-btn-style_1\">\r\n\t\t\t\t\t<span class=\"w-btn-label\">Poka\u017c wi\u0119cej<\/span>\r\n\t\t\t\t<\/button>\r\n\t\t\t<\/div>\r\n\t\t\t\t<div class=\"w-grid-json hidden\" onclick='return {&quot;action&quot;:&quot;us_ajax_grid&quot;,&quot;infinite_scroll&quot;:true,&quot;max_num_pages&quot;:3,&quot;pagination&quot;:&quot;ajax&quot;,&quot;template_vars&quot;:{&quot;columns&quot;:&quot;3&quot;,&quot;exclude_items&quot;:&quot;none&quot;,&quot;img_size&quot;:&quot;default&quot;,&quot;ignore_items_size&quot;:0,&quot;items_layout&quot;:&quot;1506&quot;,&quot;items_offset&quot;:&quot;1&quot;,&quot;load_animation&quot;:&quot;none&quot;,&quot;overriding_link&quot;:&quot;%7B%22type%22%3A%22post%22%7D&quot;,&quot;post_id&quot;:0,&quot;query_args&quot;:{&quot;post_type&quot;:[&quot;us_portfolio&quot;],&quot;post_status&quot;:[&quot;publish&quot;,&quot;acf-disabled&quot;],&quot;posts_per_page&quot;:&quot;12&quot;},&quot;orderby_query_args&quot;:{&quot;orderby&quot;:&quot;custom_field&quot;,&quot;meta_key&quot;:&quot;kolejnosc&quot;,&quot;order&quot;:&quot;ASC&quot;},&quot;type&quot;:&quot;grid&quot;,&quot;us_grid_post_type&quot;:&quot;us_portfolio&quot;,&quot;us_grid_ajax_index&quot;:1,&quot;us_grid_filter_query_string&quot;:null,&quot;us_grid_index&quot;:1,&quot;page_args&quot;:[],&quot;lang&quot;:&quot;pl&quot;}}'><\/div>\r\n\t<\/div><\/div><\/div><\/div><\/div><\/div><\/section>\n","protected":false},"excerpt":{"rendered":"","protected":false},"author":1,"featured_media":0,"parent":0,"menu_order":0,"comment_status":"closed","ping_status":"closed","template":"","meta":{"_acf_changed":false,"footnotes":""},"class_list":["post-1831","page","type-page","status-publish","hentry"],"acf":[],"yoast_head":"<!-- This site is optimized with the Yoast SEO plugin v25.3 - https:\/\/yoast.com\/wordpress\/plugins\/seo\/ -->\n<title>Rada - Fundacja &quot;Okulistyka 21&quot;<\/title>\n<meta name=\"robots\" content=\"index, follow, max-snippet:-1, max-image-preview:large, max-video-preview:-1\" \/>\n<link rel=\"canonical\" href=\"https:\/\/myopianetwork.eu\/pl\/rada\/\" \/>\n<meta property=\"og:locale\" content=\"pl_PL\" \/>\n<meta property=\"og:type\" content=\"article\" \/>\n<meta property=\"og:title\" content=\"Rada - Fundacja &quot;Okulistyka 21&quot;\" \/>\n<meta property=\"og:url\" content=\"https:\/\/myopianetwork.eu\/pl\/rada\/\" \/>\n<meta property=\"og:site_name\" content=\"Fundacja &quot;Okulistyka 21&quot;\" \/>\n<meta property=\"article:modified_time\" content=\"2026-04-13T12:29:25+00:00\" \/>\n<meta name=\"twitter:card\" content=\"summary_large_image\" \/>\n<meta name=\"twitter:label1\" content=\"Szacowany czas czytania\" \/>\n\t<meta name=\"twitter:data1\" content=\"1 minuta\" \/>\n<script type=\"application\/ld+json\" class=\"yoast-schema-graph\">{\"@context\":\"https:\/\/schema.org\",\"@graph\":[{\"@type\":\"WebPage\",\"@id\":\"https:\/\/myopianetwork.eu\/pl\/rada\/\",\"url\":\"https:\/\/myopianetwork.eu\/pl\/rada\/\",\"name\":\"Rada - Fundacja &quot;Okulistyka 21&quot;\",\"isPartOf\":{\"@id\":\"https:\/\/myopianetwork.eu\/pl\/#website\"},\"datePublished\":\"2025-06-24T12:26:19+00:00\",\"dateModified\":\"2026-04-13T12:29:25+00:00\",\"breadcrumb\":{\"@id\":\"https:\/\/myopianetwork.eu\/pl\/rada\/#breadcrumb\"},\"inLanguage\":\"pl-PL\",\"potentialAction\":[{\"@type\":\"ReadAction\",\"target\":[\"https:\/\/myopianetwork.eu\/pl\/rada\/\"]}]},{\"@type\":\"BreadcrumbList\",\"@id\":\"https:\/\/myopianetwork.eu\/pl\/rada\/#breadcrumb\",\"itemListElement\":[{\"@type\":\"ListItem\",\"position\":1,\"name\":\"Strona g\u0142\u00f3wna\",\"item\":\"https:\/\/myopianetwork.eu\/pl\/\"},{\"@type\":\"ListItem\",\"position\":2,\"name\":\"Rada\"}]},{\"@type\":\"WebSite\",\"@id\":\"https:\/\/myopianetwork.eu\/pl\/#website\",\"url\":\"https:\/\/myopianetwork.eu\/pl\/\",\"name\":\"Fundacja \\\"Okulistyka 21\\\"\",\"description\":\"\",\"publisher\":{\"@id\":\"https:\/\/myopianetwork.eu\/pl\/#organization\"},\"potentialAction\":[{\"@type\":\"SearchAction\",\"target\":{\"@type\":\"EntryPoint\",\"urlTemplate\":\"https:\/\/myopianetwork.eu\/pl\/?s={search_term_string}\"},\"query-input\":{\"@type\":\"PropertyValueSpecification\",\"valueRequired\":true,\"valueName\":\"search_term_string\"}}],\"inLanguage\":\"pl-PL\"},{\"@type\":\"Organization\",\"@id\":\"https:\/\/myopianetwork.eu\/pl\/#organization\",\"name\":\"Fundacja \\\"Okulistyka 21\\\"\",\"url\":\"https:\/\/myopianetwork.eu\/pl\/\",\"logo\":{\"@type\":\"ImageObject\",\"inLanguage\":\"pl-PL\",\"@id\":\"https:\/\/myopianetwork.eu\/pl\/#\/schema\/logo\/image\/\",\"url\":\"https:\/\/myopianetwork.eu\/wp-content\/uploads\/2021\/10\/MYOPIA.png\",\"contentUrl\":\"https:\/\/myopianetwork.eu\/wp-content\/uploads\/2021\/10\/MYOPIA.png\",\"width\":1229,\"height\":263,\"caption\":\"Fundacja \\\"Okulistyka 21\\\"\"},\"image\":{\"@id\":\"https:\/\/myopianetwork.eu\/pl\/#\/schema\/logo\/image\/\"}}]}<\/script>\n<!-- \/ Yoast SEO plugin. -->","yoast_head_json":{"title":"Rada - Fundacja &quot;Okulistyka 21&quot;","robots":{"index":"index","follow":"follow","max-snippet":"max-snippet:-1","max-image-preview":"max-image-preview:large","max-video-preview":"max-video-preview:-1"},"canonical":"https:\/\/myopianetwork.eu\/pl\/rada\/","og_locale":"pl_PL","og_type":"article","og_title":"Rada - Fundacja &quot;Okulistyka 21&quot;","og_url":"https:\/\/myopianetwork.eu\/pl\/rada\/","og_site_name":"Fundacja &quot;Okulistyka 21&quot;","article_modified_time":"2026-04-13T12:29:25+00:00","twitter_card":"summary_large_image","twitter_misc":{"Szacowany czas czytania":"1 minuta"},"schema":{"@context":"https:\/\/schema.org","@graph":[{"@type":"WebPage","@id":"https:\/\/myopianetwork.eu\/pl\/rada\/","url":"https:\/\/myopianetwork.eu\/pl\/rada\/","name":"Rada - Fundacja &quot;Okulistyka 21&quot;","isPartOf":{"@id":"https:\/\/myopianetwork.eu\/pl\/#website"},"datePublished":"2025-06-24T12:26:19+00:00","dateModified":"2026-04-13T12:29:25+00:00","breadcrumb":{"@id":"https:\/\/myopianetwork.eu\/pl\/rada\/#breadcrumb"},"inLanguage":"pl-PL","potentialAction":[{"@type":"ReadAction","target":["https:\/\/myopianetwork.eu\/pl\/rada\/"]}]},{"@type":"BreadcrumbList","@id":"https:\/\/myopianetwork.eu\/pl\/rada\/#breadcrumb","itemListElement":[{"@type":"ListItem","position":1,"name":"Strona g\u0142\u00f3wna","item":"https:\/\/myopianetwork.eu\/pl\/"},{"@type":"ListItem","position":2,"name":"Rada"}]},{"@type":"WebSite","@id":"https:\/\/myopianetwork.eu\/pl\/#website","url":"https:\/\/myopianetwork.eu\/pl\/","name":"Fundacja \"Okulistyka 21\"","description":"","publisher":{"@id":"https:\/\/myopianetwork.eu\/pl\/#organization"},"potentialAction":[{"@type":"SearchAction","target":{"@type":"EntryPoint","urlTemplate":"https:\/\/myopianetwork.eu\/pl\/?s={search_term_string}"},"query-input":{"@type":"PropertyValueSpecification","valueRequired":true,"valueName":"search_term_string"}}],"inLanguage":"pl-PL"},{"@type":"Organization","@id":"https:\/\/myopianetwork.eu\/pl\/#organization","name":"Fundacja \"Okulistyka 21\"","url":"https:\/\/myopianetwork.eu\/pl\/","logo":{"@type":"ImageObject","inLanguage":"pl-PL","@id":"https:\/\/myopianetwork.eu\/pl\/#\/schema\/logo\/image\/","url":"https:\/\/myopianetwork.eu\/wp-content\/uploads\/2021\/10\/MYOPIA.png","contentUrl":"https:\/\/myopianetwork.eu\/wp-content\/uploads\/2021\/10\/MYOPIA.png","width":1229,"height":263,"caption":"Fundacja \"Okulistyka 21\""},"image":{"@id":"https:\/\/myopianetwork.eu\/pl\/#\/schema\/logo\/image\/"}}]}},"_links":{"self":[{"href":"https:\/\/myopianetwork.eu\/pl\/wp-json\/wp\/v2\/pages\/1831","targetHints":{"allow":["GET"]}}],"collection":[{"href":"https:\/\/myopianetwork.eu\/pl\/wp-json\/wp\/v2\/pages"}],"about":[{"href":"https:\/\/myopianetwork.eu\/pl\/wp-json\/wp\/v2\/types\/page"}],"author":[{"embeddable":true,"href":"https:\/\/myopianetwork.eu\/pl\/wp-json\/wp\/v2\/users\/1"}],"replies":[{"embeddable":true,"href":"https:\/\/myopianetwork.eu\/pl\/wp-json\/wp\/v2\/comments?post=1831"}],"version-history":[{"count":7,"href":"https:\/\/myopianetwork.eu\/pl\/wp-json\/wp\/v2\/pages\/1831\/revisions"}],"predecessor-version":[{"id":2636,"href":"https:\/\/myopianetwork.eu\/pl\/wp-json\/wp\/v2\/pages\/1831\/revisions\/2636"}],"wp:attachment":[{"href":"https:\/\/myopianetwork.eu\/pl\/wp-json\/wp\/v2\/media?parent=1831"}],"curies":[{"name":"wp","href":"https:\/\/api.w.org\/{rel}","templated":true}]}}