{"id":1850,"date":"2025-06-24T15:16:38","date_gmt":"2025-06-24T13:16:38","guid":{"rendered":"https:\/\/myopianetwork.eu\/?page_id=1850"},"modified":"2025-08-28T13:21:59","modified_gmt":"2025-08-28T11:21:59","slug":"2020-2019","status":"publish","type":"page","link":"https:\/\/myopianetwork.eu\/pl\/artykuly\/2020-2019\/","title":{"rendered":"2020 \u2013 2019"},"content":{"rendered":"<section class=\"l-section wpb_row height_medium\"><div class=\"l-section-h i-cf\"><div class=\"g-cols vc_row via_flex valign_top type_default stacking_default\"><div class=\"vc_col-sm-12 wpb_column vc_column_container\"><div class=\"vc_column-inner\"><div class=\"wpb_wrapper\"><div class=\"w-separator size_small\"><\/div><div class=\"w-iconbox us_custom_4ca6de2d has_text_color iconpos_left style_default color_secondary align_left no_text\"><a target=\"_blank\" rel=\"nofollow\" href=\"\/wp-content\/uploads\/2022\/02\/10_A-review-on-the-epidemiology-of-myopia-in-school-children-worldwide.pdf\" class=\"w-iconbox-link\" aria-label=\"1. A review on the epidemiology of myopia in school children worldwide\"><div class=\"w-iconbox-icon\" style=\"font-size:2rem;\"><i class=\"fas fa-file-pdf\"><\/i><\/div><\/a><div class=\"w-iconbox-meta\"><p class=\"w-iconbox-title\"><a target=\"_blank\" rel=\"nofollow\" href=\"\/wp-content\/uploads\/2022\/02\/10_A-review-on-the-epidemiology-of-myopia-in-school-children-worldwide.pdf\" class=\"w-iconbox-link\" aria-label=\"1. A review on the epidemiology of myopia in school children worldwide\">1. A review on the epidemiology of myopia in school children worldwide<\/a><\/p><\/div><\/div><div class=\"w-separator size_small\"><\/div><div class=\"w-iconbox us_custom_0f80ec18 has_text_color iconpos_left style_default color_secondary align_left no_title\"><div class=\"w-iconbox-icon\" style=\"font-size:1rem;\"><i class=\"fas fa-pen\"><\/i><\/div><div class=\"w-iconbox-meta\"><div class=\"w-iconbox-text\"><p>A. Grzybowski , P. Kanclerz, K. Tsubota, C. Lanca, S.-M. Saw<\/p>\n<\/div><\/div><\/div><div class=\"w-separator size_medium with_line width_default thick_1 style_solid color_border align_center\"><div class=\"w-separator-h\"><\/div><\/div><div class=\"w-iconbox us_custom_4ca6de2d has_text_color iconpos_left style_default color_secondary align_left no_text\"><a target=\"_blank\" rel=\"nofollow\" href=\"\/wp-content\/uploads\/2022\/02\/11_The-association-between-digital-screen-time-and-myopia.pdf\" class=\"w-iconbox-link\" aria-label=\"2. The association between digital screen time and myopia: A systematic review\"><div class=\"w-iconbox-icon\" style=\"font-size:2rem;\"><i class=\"fas fa-file-pdf\"><\/i><\/div><\/a><div class=\"w-iconbox-meta\"><p class=\"w-iconbox-title\"><a target=\"_blank\" rel=\"nofollow\" href=\"\/wp-content\/uploads\/2022\/02\/11_The-association-between-digital-screen-time-and-myopia.pdf\" class=\"w-iconbox-link\" aria-label=\"2. The association between digital screen time and myopia: A systematic review\">2. The association between digital screen time and myopia: A systematic review<\/a><\/p><\/div><\/div><div class=\"w-separator size_small\"><\/div><div class=\"w-iconbox us_custom_0f80ec18 has_text_color iconpos_left style_default color_secondary align_left no_title\"><div class=\"w-iconbox-icon\" style=\"font-size:1rem;\"><i class=\"fas fa-pen\"><\/i><\/div><div class=\"w-iconbox-meta\"><div class=\"w-iconbox-text\"><p>C. Lanca; S.-M. Saw<\/p>\n<\/div><\/div><\/div><div class=\"w-separator size_medium with_line width_default thick_1 style_solid color_border align_center\"><div class=\"w-separator-h\"><\/div><\/div><div class=\"w-iconbox us_custom_4ca6de2d has_text_color iconpos_left style_default color_secondary align_left no_text\"><a target=\"_blank\" rel=\"nofollow\" href=\"\/wp-content\/uploads\/2022\/02\/12_How-does-spending-time-outdoors-protect-against-myopia.pdf\" class=\"w-iconbox-link\" aria-label=\"3. How does spending time outdoors protect against myopia? A review\"><div class=\"w-iconbox-icon\" style=\"font-size:2rem;\"><i class=\"fas fa-file-pdf\"><\/i><\/div><\/a><div class=\"w-iconbox-meta\"><p class=\"w-iconbox-title\"><a target=\"_blank\" rel=\"nofollow\" href=\"\/wp-content\/uploads\/2022\/02\/12_How-does-spending-time-outdoors-protect-against-myopia.pdf\" class=\"w-iconbox-link\" aria-label=\"3. How does spending time outdoors protect against myopia? A review\">3. How does spending time outdoors protect against myopia? A review<\/a><\/p><\/div><\/div><div class=\"w-separator size_small\"><\/div><div class=\"w-iconbox us_custom_0f80ec18 has_text_color iconpos_left style_default color_secondary align_left no_title\"><div class=\"w-iconbox-icon\" style=\"font-size:1rem;\"><i class=\"fas fa-pen\"><\/i><\/div><div class=\"w-iconbox-meta\"><div class=\"w-iconbox-text\"><p>G. Lingham, D.A. Mackey, R. Lucas, S. Yazar<\/p>\n<\/div><\/div><\/div><div class=\"w-separator size_medium with_line width_default thick_1 style_solid color_border align_center\"><div class=\"w-separator-h\"><\/div><\/div><div class=\"w-iconbox us_custom_4ca6de2d has_text_color iconpos_left style_default color_secondary align_left no_text\"><a target=\"_blank\" rel=\"nofollow\" href=\"\/wp-content\/uploads\/2022\/02\/13_Puberty-could-regulate-the-effects-of-outdoor-time-on-refractive-development-in-Chinese-children-and-adolescents.pdf\" class=\"w-iconbox-link\" aria-label=\"4. Puberty could regulate the effects of outdoor time on refractive development in Chinese children and adolescents\"><div class=\"w-iconbox-icon\" style=\"font-size:2rem;\"><i class=\"fas fa-file-pdf\"><\/i><\/div><\/a><div class=\"w-iconbox-meta\"><p class=\"w-iconbox-title\"><a target=\"_blank\" rel=\"nofollow\" href=\"\/wp-content\/uploads\/2022\/02\/13_Puberty-could-regulate-the-effects-of-outdoor-time-on-refractive-development-in-Chinese-children-and-adolescents.pdf\" class=\"w-iconbox-link\" aria-label=\"4. Puberty could regulate the effects of outdoor time on refractive development in Chinese children and adolescents\">4. Puberty could regulate the effects of outdoor time on refractive development in Chinese children and adolescents<\/a><\/p><\/div><\/div><div class=\"w-separator size_small\"><\/div><div class=\"w-iconbox us_custom_0f80ec18 has_text_color iconpos_left style_default color_secondary align_left no_title\"><div class=\"w-iconbox-icon\" style=\"font-size:1rem;\"><i class=\"fas fa-pen\"><\/i><\/div><div class=\"w-iconbox-meta\"><div class=\"w-iconbox-text\"><p>J. Wang, T. Cheng, B. Zhang, S. Xiong, H. Zhao, Q. Li, X. He<\/p>\n<\/div><\/div><\/div><div class=\"w-separator size_medium with_line width_default thick_1 style_solid color_border align_center\"><div class=\"w-separator-h\"><\/div><\/div><div class=\"w-iconbox us_custom_4ca6de2d has_text_color iconpos_left style_default color_secondary align_left no_text\"><a target=\"_blank\" rel=\"nofollow\" href=\"\/wp-content\/uploads\/2022\/02\/14_Stopping-the-rise-of-myopia-in-Asia.pdf\" class=\"w-iconbox-link\" aria-label=\"5. Stopping the rise of myopia in Asia\"><div class=\"w-iconbox-icon\" style=\"font-size:2rem;\"><i class=\"fas fa-file-pdf\"><\/i><\/div><\/a><div class=\"w-iconbox-meta\"><p class=\"w-iconbox-title\"><a target=\"_blank\" rel=\"nofollow\" href=\"\/wp-content\/uploads\/2022\/02\/14_Stopping-the-rise-of-myopia-in-Asia.pdf\" class=\"w-iconbox-link\" aria-label=\"5. Stopping the rise of myopia in Asia\">5. Stopping the rise of myopia in Asia<\/a><\/p><\/div><\/div><div class=\"w-separator size_small\"><\/div><div class=\"w-iconbox us_custom_0f80ec18 has_text_color iconpos_left style_default color_secondary align_left no_title\"><div class=\"w-iconbox-icon\" style=\"font-size:1rem;\"><i class=\"fas fa-pen\"><\/i><\/div><div class=\"w-iconbox-meta\"><div class=\"w-iconbox-text\"><p>L. Spillmann<\/p>\n<\/div><\/div><\/div><div class=\"w-separator size_medium with_line width_default thick_1 style_solid color_border align_center\"><div class=\"w-separator-h\"><\/div><\/div><div class=\"w-iconbox us_custom_4ca6de2d has_text_color iconpos_left style_default color_secondary align_left no_text\"><a target=\"_blank\" rel=\"nofollow\" href=\"\/wp-content\/uploads\/2022\/02\/16_Association-of-Parental-Myopia-With-Higher-Risk-of-Myopia-Among-Multiethnic-Children-Before-School-Age.pdf\" class=\"w-iconbox-link\" aria-label=\"6. Association of Parental Myopia With Higher Risk of Myopia Among Multiethnic Children Before School Age\"><div class=\"w-iconbox-icon\" style=\"font-size:2rem;\"><i class=\"fas fa-file-pdf\"><\/i><\/div><\/a><div class=\"w-iconbox-meta\"><p class=\"w-iconbox-title\"><a target=\"_blank\" rel=\"nofollow\" href=\"\/wp-content\/uploads\/2022\/02\/16_Association-of-Parental-Myopia-With-Higher-Risk-of-Myopia-Among-Multiethnic-Children-Before-School-Age.pdf\" class=\"w-iconbox-link\" aria-label=\"6. Association of Parental Myopia With Higher Risk of Myopia Among Multiethnic Children Before School Age\">6. Association of Parental Myopia With Higher Risk of Myopia Among Multiethnic Children Before School Age<\/a><\/p><\/div><\/div><div class=\"w-separator size_small\"><\/div><div class=\"w-iconbox us_custom_0f80ec18 has_text_color iconpos_left style_default color_secondary align_left no_title\"><div class=\"w-iconbox-icon\" style=\"font-size:1rem;\"><i class=\"fas fa-pen\"><\/i><\/div><div class=\"w-iconbox-meta\"><div class=\"w-iconbox-text\"><p>X. Jiang, K. Tarczy-Hornoch, S.A. Cotter, S. Matsumura, P. Mitchell, K.A. Rose, J. Katz, S.-M. Saw, R. Varma<\/p>\n<\/div><\/div><\/div><div class=\"w-separator size_medium with_line width_default thick_1 style_solid color_border align_center\"><div class=\"w-separator-h\"><\/div><\/div><div class=\"w-iconbox us_custom_4ca6de2d has_text_color iconpos_left style_default color_secondary align_left no_text\"><a target=\"_blank\" rel=\"nofollow\" href=\"\/wp-content\/uploads\/2022\/02\/17_Association-of-Myopia-with-cognitive-function-among-and-million-adolescents.pdf\" class=\"w-iconbox-link\" aria-label=\"7. Association of Myopia with cognitive function among one million adolescents\"><div class=\"w-iconbox-icon\" style=\"font-size:2rem;\"><i class=\"fas fa-file-pdf\"><\/i><\/div><\/a><div class=\"w-iconbox-meta\"><p class=\"w-iconbox-title\"><a target=\"_blank\" rel=\"nofollow\" href=\"\/wp-content\/uploads\/2022\/02\/17_Association-of-Myopia-with-cognitive-function-among-and-million-adolescents.pdf\" class=\"w-iconbox-link\" aria-label=\"7. Association of Myopia with cognitive function among one million adolescents\">7. Association of Myopia with cognitive function among one million adolescents<\/a><\/p><\/div><\/div><div class=\"w-separator size_small\"><\/div><div class=\"w-iconbox us_custom_0f80ec18 has_text_color iconpos_left style_default color_secondary align_left no_title\"><div class=\"w-iconbox-icon\" style=\"font-size:1rem;\"><i class=\"fas fa-pen\"><\/i><\/div><div class=\"w-iconbox-meta\"><div class=\"w-iconbox-text\"><p>J. Megreli, A. Barak, M. Bez, D. Bez, H. Levine<\/p>\n<\/div><\/div><\/div><div class=\"w-separator size_medium with_line width_default thick_1 style_solid color_border align_center\"><div class=\"w-separator-h\"><\/div><\/div><div class=\"w-iconbox us_custom_4ca6de2d has_text_color iconpos_left style_default color_secondary align_left no_text\"><a target=\"_blank\" rel=\"nofollow\" href=\"\/wp-content\/uploads\/2022\/02\/20_Prevalance-and-risk-factors-of-myopia-in-Han-and-Yugur-older-adults-in-Gansu-China-a-crosssectional-study.pdf\" class=\"w-iconbox-link\" aria-label=\"8. Prevalence and risk factors of myopia in Han and Yugur older adults in Gansu, China: a cross-sectional study\"><div class=\"w-iconbox-icon\" style=\"font-size:2rem;\"><i class=\"fas fa-file-pdf\"><\/i><\/div><\/a><div class=\"w-iconbox-meta\"><p class=\"w-iconbox-title\"><a target=\"_blank\" rel=\"nofollow\" href=\"\/wp-content\/uploads\/2022\/02\/20_Prevalance-and-risk-factors-of-myopia-in-Han-and-Yugur-older-adults-in-Gansu-China-a-crosssectional-study.pdf\" class=\"w-iconbox-link\" aria-label=\"8. Prevalence and risk factors of myopia in Han and Yugur older adults in Gansu, China: a cross-sectional study\">8. Prevalence and risk factors of myopia in Han and Yugur older adults in Gansu, China: a cross-sectional study<\/a><\/p><\/div><\/div><div class=\"w-separator size_small\"><\/div><div class=\"w-iconbox us_custom_0f80ec18 has_text_color iconpos_left style_default color_secondary align_left no_title\"><div class=\"w-iconbox-icon\" style=\"font-size:1rem;\"><i class=\"fas fa-pen\"><\/i><\/div><div class=\"w-iconbox-meta\"><div class=\"w-iconbox-text\"><p>X. Wang, H. He, X. Wang, G. Shan, Z. Tao, L. Pan, J. Li, X. Ren, H. Zhao, Z. Pan, M. Wang, Y. Zhong, J. Ma<\/p>\n<\/div><\/div><\/div><div class=\"w-separator size_medium with_line width_default thick_1 style_solid color_border align_center\"><div class=\"w-separator-h\"><\/div><\/div><div class=\"w-iconbox us_custom_4ca6de2d has_text_color iconpos_left style_default color_secondary align_left no_text\"><a target=\"_blank\" rel=\"nofollow\" href=\"\/wp-content\/uploads\/2022\/02\/21_High-myopes-in-Singapore-19-year-progression-from-childhood-to-adulthood.pdf\" class=\"w-iconbox-link\" aria-label=\"9. High myopes in Singapore: 19-year progression from childhood to adulthood\"><div class=\"w-iconbox-icon\" style=\"font-size:2rem;\"><i class=\"fas fa-file-pdf\"><\/i><\/div><\/a><div class=\"w-iconbox-meta\"><p class=\"w-iconbox-title\"><a target=\"_blank\" rel=\"nofollow\" href=\"\/wp-content\/uploads\/2022\/02\/21_High-myopes-in-Singapore-19-year-progression-from-childhood-to-adulthood.pdf\" class=\"w-iconbox-link\" aria-label=\"9. High myopes in Singapore: 19-year progression from childhood to adulthood\">9. High myopes in Singapore: 19-year progression from childhood to adulthood<\/a><\/p><\/div><\/div><div class=\"w-separator size_small\"><\/div><div class=\"w-iconbox us_custom_0f80ec18 has_text_color iconpos_left style_default color_secondary align_left no_title\"><div class=\"w-iconbox-icon\" style=\"font-size:1rem;\"><i class=\"fas fa-pen\"><\/i><\/div><div class=\"w-iconbox-meta\"><div class=\"w-iconbox-text\"><p>J. Li, C. Lanca, H.M. Htoon, Y.-L. Wong, S.-Z. Nyunt, D. Tan, C. Sabanayagam, S.-M. Saw<\/p>\n<\/div><\/div><\/div><div class=\"w-separator size_medium with_line width_default thick_1 style_solid color_border align_center\"><div class=\"w-separator-h\"><\/div><\/div><div class=\"w-iconbox us_custom_4ca6de2d has_text_color iconpos_left style_default color_secondary align_left no_text\"><a target=\"_blank\" rel=\"nofollow\" href=\"\/wp-content\/uploads\/2022\/02\/22_Independent-Influence-od-Parental-Myopia-on-Childhood-Myopia-in-a-Dose-related-Manner-in-2055-Trios-The-Hong-Kong-Eye-Study.pdf\" class=\"w-iconbox-link\" aria-label=\"10. Independent Influence of Parental Myopia on Childhood Myopia in a Dose-related Manner in 2055 Trios: The Hong Kong Children Eye Study\"><div class=\"w-iconbox-icon\" style=\"font-size:2rem;\"><i class=\"fas fa-file-pdf\"><\/i><\/div><\/a><div class=\"w-iconbox-meta\"><p class=\"w-iconbox-title\"><a target=\"_blank\" rel=\"nofollow\" href=\"\/wp-content\/uploads\/2022\/02\/22_Independent-Influence-od-Parental-Myopia-on-Childhood-Myopia-in-a-Dose-related-Manner-in-2055-Trios-The-Hong-Kong-Eye-Study.pdf\" class=\"w-iconbox-link\" aria-label=\"10. Independent Influence of Parental Myopia on Childhood Myopia in a Dose-related Manner in 2055 Trios: The Hong Kong Children Eye Study\">10. Independent Influence of Parental Myopia on Childhood Myopia in a Dose-related Manner in 2055 Trios: The Hong Kong Children Eye Study<\/a><\/p><\/div><\/div><div class=\"w-separator size_small\"><\/div><div class=\"w-iconbox us_custom_0f80ec18 has_text_color iconpos_left style_default color_secondary align_left no_title\"><div class=\"w-iconbox-icon\" style=\"font-size:1rem;\"><i class=\"fas fa-pen\"><\/i><\/div><div class=\"w-iconbox-meta\"><div class=\"w-iconbox-text\"><p>S.M. Tang, K.W. Kam, A.N. French, M. Yu, L.J. Chen, A.L. Young, K. A. Rose, C.C.Y. Tham, C.P. Pang, J.C. Yam<\/p>\n<\/div><\/div><\/div><div class=\"w-separator size_medium with_line width_default thick_1 style_solid color_border align_center\"><div class=\"w-separator-h\"><\/div><\/div><div class=\"w-iconbox us_custom_4ca6de2d has_text_color iconpos_left style_default color_secondary align_left no_text\"><a target=\"_blank\" rel=\"nofollow\" href=\"http:\/\/myopianetwork.eu\/wp-content\/uploads\/2022\/04\/The-Academys-Task-Force-on-Myopia.pdf\" class=\"w-iconbox-link\" aria-label=\"11. Reducing the Global Burden of Myopia by Delaying the Onset of Myopia and Reducing Myopic Progression in Children\"><div class=\"w-iconbox-icon\" style=\"font-size:2rem;\"><i class=\"fas fa-file-pdf\"><\/i><\/div><\/a><div class=\"w-iconbox-meta\"><p class=\"w-iconbox-title\"><a target=\"_blank\" rel=\"nofollow\" href=\"http:\/\/myopianetwork.eu\/wp-content\/uploads\/2022\/04\/The-Academys-Task-Force-on-Myopia.pdf\" class=\"w-iconbox-link\" aria-label=\"11. Reducing the Global Burden of Myopia by Delaying the Onset of Myopia and Reducing Myopic Progression in Children\">11. Reducing the Global Burden of Myopia by Delaying the Onset of Myopia and Reducing Myopic Progression in Children<\/a><\/p><\/div><\/div><div class=\"w-separator size_small\"><\/div><div class=\"w-iconbox us_custom_0f80ec18 has_text_color iconpos_left style_default color_secondary align_left no_title\"><div class=\"w-iconbox-icon\" style=\"font-size:1rem;\"><i class=\"fas fa-pen\"><\/i><\/div><div class=\"w-iconbox-meta\"><div class=\"w-iconbox-text\"><p>B. S. Modjtahedi, R. L. Abbott, D. S. Fong, F. Lum, D. Tan<\/p>\n<\/div><\/div><\/div><div class=\"w-separator size_medium with_line width_default thick_1 style_solid color_border align_center\"><div class=\"w-separator-h\"><\/div><\/div><div class=\"w-iconbox us_custom_4ca6de2d has_text_color iconpos_left style_default color_secondary align_left no_text\"><a target=\"_blank\" rel=\"nofollow\" href=\"http:\/\/myopianetwork.eu\/wp-content\/uploads\/2022\/04\/A-review-on-the-epidemiology-of-myopia-in-school-children-worldwide-Grzybowski-.pdf\" class=\"w-iconbox-link\" aria-label=\"12. A review on the epidemiology of myopia in school children worldwide\"><div class=\"w-iconbox-icon\" style=\"font-size:2rem;\"><i class=\"fas fa-file-pdf\"><\/i><\/div><\/a><div class=\"w-iconbox-meta\"><p class=\"w-iconbox-title\"><a target=\"_blank\" rel=\"nofollow\" href=\"http:\/\/myopianetwork.eu\/wp-content\/uploads\/2022\/04\/A-review-on-the-epidemiology-of-myopia-in-school-children-worldwide-Grzybowski-.pdf\" class=\"w-iconbox-link\" aria-label=\"12. A review on the epidemiology of myopia in school children worldwide\">12. A review on the epidemiology of myopia in school children worldwide<\/a><\/p><\/div><\/div><div class=\"w-separator size_small\"><\/div><div class=\"w-iconbox us_custom_0f80ec18 has_text_color iconpos_left style_default color_secondary align_left no_title\"><div class=\"w-iconbox-icon\" style=\"font-size:1rem;\"><i class=\"fas fa-pen\"><\/i><\/div><div class=\"w-iconbox-meta\"><div class=\"w-iconbox-text\"><p>A. Grzybowski, P. Kanclerz, K. Tsubota, C. Lanca, S.-M. Saw<\/p>\n<\/div><\/div><\/div><div class=\"w-separator size_medium with_line width_default thick_1 style_solid color_border align_center\"><div class=\"w-separator-h\"><\/div><\/div><div class=\"w-iconbox us_custom_4ca6de2d has_text_color iconpos_left style_default color_secondary align_left no_text\"><a target=\"_blank\" rel=\"nofollow\" href=\"\/wp-content\/uploads\/2022\/02\/04_Atropine-to-prevent-myopia-progression.pdf\" class=\"w-iconbox-link\" aria-label=\"13. Atropine to prevent myopia progression &#8211; Risk factors and possible treatment regimens for myopia in children.\"><div class=\"w-iconbox-icon\" style=\"font-size:2rem;\"><i class=\"fas fa-file-pdf\"><\/i><\/div><\/a><div class=\"w-iconbox-meta\"><p class=\"w-iconbox-title\"><a target=\"_blank\" rel=\"nofollow\" href=\"\/wp-content\/uploads\/2022\/02\/04_Atropine-to-prevent-myopia-progression.pdf\" class=\"w-iconbox-link\" aria-label=\"13. Atropine to prevent myopia progression &#8211; Risk factors and possible treatment regimens for myopia in children.\">13. Atropine to prevent myopia progression &#8211; Risk factors and possible treatment regimens for myopia in children.<\/a><\/p><\/div><\/div><div class=\"w-separator size_small\"><\/div><div class=\"w-iconbox us_custom_0f80ec18 has_text_color iconpos_left style_default color_secondary align_left no_title\"><div class=\"w-iconbox-icon\" style=\"font-size:1rem;\"><i class=\"fas fa-pen\"><\/i><\/div><div class=\"w-iconbox-meta\"><div class=\"w-iconbox-text\"><p>A.Grzybowski<\/p>\n<\/div><\/div><\/div><div class=\"w-separator size_medium with_line width_default thick_1 style_solid color_border align_center\"><div class=\"w-separator-h\"><\/div><\/div><div class=\"w-iconbox us_custom_4ca6de2d has_text_color iconpos_left style_default color_secondary align_left no_text\"><a target=\"_blank\" rel=\"nofollow\" href=\"\/wp-content\/uploads\/2022\/02\/07_Skrot_stanowiska_ekspertow_wspos_dotyczacego_krotkowzrocznosci.pdf\" class=\"w-iconbox-link\" aria-label=\"14. Skr\u00f3t stanowiska ekspert\u00f3w WSPOS dotycz\u0105cego kr\u00f3tkowzroczno\u015bci\"><div class=\"w-iconbox-icon\" style=\"font-size:2rem;\"><i class=\"fas fa-file-pdf\"><\/i><\/div><\/a><div class=\"w-iconbox-meta\"><p class=\"w-iconbox-title\"><a target=\"_blank\" rel=\"nofollow\" href=\"\/wp-content\/uploads\/2022\/02\/07_Skrot_stanowiska_ekspertow_wspos_dotyczacego_krotkowzrocznosci.pdf\" class=\"w-iconbox-link\" aria-label=\"14. Skr\u00f3t stanowiska ekspert\u00f3w WSPOS dotycz\u0105cego kr\u00f3tkowzroczno\u015bci\">14. Skr\u00f3t stanowiska ekspert\u00f3w WSPOS dotycz\u0105cego kr\u00f3tkowzroczno\u015bci<\/a><\/p><\/div><\/div><div class=\"w-separator size_small\"><\/div><div class=\"w-iconbox us_custom_0f80ec18 has_text_color iconpos_left style_default color_secondary align_left no_title\"><div class=\"w-iconbox-icon\" style=\"font-size:1rem;\"><i class=\"fas fa-pen\"><\/i><\/div><div class=\"w-iconbox-meta\"><div class=\"w-iconbox-text\"><p>A. Pogrzebielski<\/p>\n<\/div><\/div><\/div><div class=\"w-separator size_medium with_line width_default thick_1 style_solid color_border align_center\"><div class=\"w-separator-h\"><\/div><\/div><div class=\"w-iconbox us_custom_4ca6de2d has_text_color iconpos_left style_default color_secondary align_left no_text\"><a target=\"_blank\" rel=\"nofollow\" href=\"\/wp-content\/uploads\/2022\/02\/15_Association-Between-Type-of-Educational-System-and-Prevalence-and-Severity-of-Miopia-Among-Male-Adolescents-in-Israel.pdf\" class=\"w-iconbox-link\" aria-label=\"15. Association Between Type of Educational System and Prevalence and Severity of Myopia Among Male Adolescents in Israel\"><div class=\"w-iconbox-icon\" style=\"font-size:2rem;\"><i class=\"fas fa-file-pdf\"><\/i><\/div><\/a><div class=\"w-iconbox-meta\"><p class=\"w-iconbox-title\"><a target=\"_blank\" rel=\"nofollow\" href=\"\/wp-content\/uploads\/2022\/02\/15_Association-Between-Type-of-Educational-System-and-Prevalence-and-Severity-of-Miopia-Among-Male-Adolescents-in-Israel.pdf\" class=\"w-iconbox-link\" aria-label=\"15. Association Between Type of Educational System and Prevalence and Severity of Myopia Among Male Adolescents in Israel\">15. Association Between Type of Educational System and Prevalence and Severity of Myopia Among Male Adolescents in Israel<\/a><\/p><\/div><\/div><div class=\"w-separator size_small\"><\/div><div class=\"w-iconbox us_custom_0f80ec18 has_text_color iconpos_left style_default color_secondary align_left no_title\"><div class=\"w-iconbox-icon\" style=\"font-size:1rem;\"><i class=\"fas fa-pen\"><\/i><\/div><div class=\"w-iconbox-meta\"><div class=\"w-iconbox-text\"><p>D. Bez, J. Megreli, M. Bez, E. Avramovich, A. Barak, H. Levine<\/p>\n<\/div><\/div><\/div><div class=\"w-separator size_medium with_line width_default thick_1 style_solid color_border align_center\"><div class=\"w-separator-h\"><\/div><\/div><div class=\"w-iconbox us_custom_4ca6de2d has_text_color iconpos_left style_default color_secondary align_left no_text\"><a target=\"_blank\" rel=\"nofollow\" href=\"\/wp-content\/uploads\/2022\/02\/18_Atropine-001-Eye-Drops-for-Myopia-Control-in-American-Children-A-Multitechnic-Sample-Across-Three-US-Site.pdf\" class=\"w-iconbox-link\" aria-label=\"16. Atropine 0.01% Eye Drops for Myopia Control in American Children: A Multiethnic Sample Across Three US Site\"><div class=\"w-iconbox-icon\" style=\"font-size:2rem;\"><i class=\"fas fa-file-pdf\"><\/i><\/div><\/a><div class=\"w-iconbox-meta\"><p class=\"w-iconbox-title\"><a target=\"_blank\" rel=\"nofollow\" href=\"\/wp-content\/uploads\/2022\/02\/18_Atropine-001-Eye-Drops-for-Myopia-Control-in-American-Children-A-Multitechnic-Sample-Across-Three-US-Site.pdf\" class=\"w-iconbox-link\" aria-label=\"16. Atropine 0.01% Eye Drops for Myopia Control in American Children: A Multiethnic Sample Across Three US Site\">16. Atropine 0.01% Eye Drops for Myopia Control in American Children: A Multiethnic Sample Across Three US Site<\/a><\/p><\/div><\/div><div class=\"w-separator size_small\"><\/div><div class=\"w-iconbox us_custom_0f80ec18 has_text_color iconpos_left style_default color_secondary align_left no_title\"><div class=\"w-iconbox-icon\" style=\"font-size:1rem;\"><i class=\"fas fa-pen\"><\/i><\/div><div class=\"w-iconbox-meta\"><div class=\"w-iconbox-text\"><p>A. Tahir<\/p>\n<\/div><\/div><\/div><div class=\"w-separator size_medium with_line width_default thick_1 style_solid color_border align_center\"><div class=\"w-separator-h\"><\/div><\/div><div class=\"w-iconbox us_custom_4ca6de2d has_text_color iconpos_left style_default color_secondary align_left no_text\"><a target=\"_blank\" rel=\"nofollow\" href=\"\/wp-content\/uploads\/2022\/02\/19_Myopia-Outcome-Study-of-Atropine-in-Children-MOSAIC-an-investigator-led-double-masked-placebo-controlled-randomised-clinical-trial-protocol.pdf\" class=\"w-iconbox-link\" aria-label=\"17. Myopia Outcome Study of Atropine in Children (MOSAIC): an investigator-led, double-masked, placebo-controlled, randomised clinical trial protocol\"><div class=\"w-iconbox-icon\" style=\"font-size:2rem;\"><i class=\"fas fa-file-pdf\"><\/i><\/div><\/a><div class=\"w-iconbox-meta\"><p class=\"w-iconbox-title\"><a target=\"_blank\" rel=\"nofollow\" href=\"\/wp-content\/uploads\/2022\/02\/19_Myopia-Outcome-Study-of-Atropine-in-Children-MOSAIC-an-investigator-led-double-masked-placebo-controlled-randomised-clinical-trial-protocol.pdf\" class=\"w-iconbox-link\" aria-label=\"17. Myopia Outcome Study of Atropine in Children (MOSAIC): an investigator-led, double-masked, placebo-controlled, randomised clinical trial protocol\">17. Myopia Outcome Study of Atropine in Children (MOSAIC): an investigator-led, double-masked, placebo-controlled, randomised clinical trial protocol<\/a><\/p><\/div><\/div><div class=\"w-separator size_small\"><\/div><div class=\"w-iconbox us_custom_0f80ec18 has_text_color iconpos_left style_default color_secondary align_left no_title\"><div class=\"w-iconbox-icon\" style=\"font-size:1rem;\"><i class=\"fas fa-pen\"><\/i><\/div><div class=\"w-iconbox-meta\"><div class=\"w-iconbox-text\"><p>S. McCrann, I. Flitcroft, N.C. Strang, K.J. Saunders, N.S. Logan, S. Szeyee Lee, D.A. Mackey, J.S. Butler, J. Loughman<\/p>\n<\/div><\/div><\/div><\/div><\/div><\/div><\/div><\/div><\/section>\n","protected":false},"excerpt":{"rendered":"1. A review on the epidemiology of myopia in school children worldwideA. Grzybowski , P. Kanclerz, K. Tsubota, C. Lanca, S.-M. Saw 2. The association between digital screen time and myopia: A systematic reviewC. Lanca; S.-M. Saw 3. How does spending time outdoors protect against myopia? A reviewG. Lingham, D.A. Mackey, R. Lucas, S. Yazar...","protected":false},"author":1,"featured_media":0,"parent":1868,"menu_order":0,"comment_status":"closed","ping_status":"closed","template":"","meta":{"_acf_changed":false,"footnotes":""},"class_list":["post-1850","page","type-page","status-publish","hentry"],"acf":[],"yoast_head":"<!-- This site is optimized with the Yoast SEO plugin v25.3 - https:\/\/yoast.com\/wordpress\/plugins\/seo\/ -->\n<title>2020 \u2013 2019 - Fundacja &quot;Okulistyka 21&quot;<\/title>\n<meta name=\"robots\" content=\"index, follow, max-snippet:-1, max-image-preview:large, max-video-preview:-1\" \/>\n<link rel=\"canonical\" href=\"https:\/\/myopianetwork.eu\/pl\/artykuly\/2020-2019\/\" \/>\n<meta property=\"og:locale\" content=\"pl_PL\" \/>\n<meta property=\"og:type\" content=\"article\" \/>\n<meta property=\"og:title\" content=\"2020 \u2013 2019 - Fundacja &quot;Okulistyka 21&quot;\" \/>\n<meta property=\"og:url\" content=\"https:\/\/myopianetwork.eu\/pl\/artykuly\/2020-2019\/\" \/>\n<meta property=\"og:site_name\" content=\"Fundacja &quot;Okulistyka 21&quot;\" \/>\n<meta property=\"article:modified_time\" content=\"2025-08-28T11:21:59+00:00\" \/>\n<meta name=\"twitter:card\" content=\"summary_large_image\" \/>\n<meta name=\"twitter:label1\" content=\"Szacowany czas czytania\" \/>\n\t<meta name=\"twitter:data1\" content=\"3 minuty\" \/>\n<script type=\"application\/ld+json\" class=\"yoast-schema-graph\">{\"@context\":\"https:\/\/schema.org\",\"@graph\":[{\"@type\":\"WebPage\",\"@id\":\"https:\/\/myopianetwork.eu\/pl\/artykuly\/2020-2019\/\",\"url\":\"https:\/\/myopianetwork.eu\/pl\/artykuly\/2020-2019\/\",\"name\":\"2020 \u2013 2019 - Fundacja &quot;Okulistyka 21&quot;\",\"isPartOf\":{\"@id\":\"https:\/\/myopianetwork.eu\/pl\/#website\"},\"datePublished\":\"2025-06-24T13:16:38+00:00\",\"dateModified\":\"2025-08-28T11:21:59+00:00\",\"breadcrumb\":{\"@id\":\"https:\/\/myopianetwork.eu\/pl\/artykuly\/2020-2019\/#breadcrumb\"},\"inLanguage\":\"pl-PL\",\"potentialAction\":[{\"@type\":\"ReadAction\",\"target\":[\"https:\/\/myopianetwork.eu\/pl\/artykuly\/2020-2019\/\"]}]},{\"@type\":\"BreadcrumbList\",\"@id\":\"https:\/\/myopianetwork.eu\/pl\/artykuly\/2020-2019\/#breadcrumb\",\"itemListElement\":[{\"@type\":\"ListItem\",\"position\":1,\"name\":\"Strona g\u0142\u00f3wna\",\"item\":\"https:\/\/myopianetwork.eu\/pl\/\"},{\"@type\":\"ListItem\",\"position\":2,\"name\":\"2020 \u2013 2019\"}]},{\"@type\":\"WebSite\",\"@id\":\"https:\/\/myopianetwork.eu\/pl\/#website\",\"url\":\"https:\/\/myopianetwork.eu\/pl\/\",\"name\":\"Fundacja \\\"Okulistyka 21\\\"\",\"description\":\"\",\"publisher\":{\"@id\":\"https:\/\/myopianetwork.eu\/pl\/#organization\"},\"potentialAction\":[{\"@type\":\"SearchAction\",\"target\":{\"@type\":\"EntryPoint\",\"urlTemplate\":\"https:\/\/myopianetwork.eu\/pl\/?s={search_term_string}\"},\"query-input\":{\"@type\":\"PropertyValueSpecification\",\"valueRequired\":true,\"valueName\":\"search_term_string\"}}],\"inLanguage\":\"pl-PL\"},{\"@type\":\"Organization\",\"@id\":\"https:\/\/myopianetwork.eu\/pl\/#organization\",\"name\":\"Fundacja \\\"Okulistyka 21\\\"\",\"url\":\"https:\/\/myopianetwork.eu\/pl\/\",\"logo\":{\"@type\":\"ImageObject\",\"inLanguage\":\"pl-PL\",\"@id\":\"https:\/\/myopianetwork.eu\/pl\/#\/schema\/logo\/image\/\",\"url\":\"https:\/\/myopianetwork.eu\/wp-content\/uploads\/2021\/10\/MYOPIA.png\",\"contentUrl\":\"https:\/\/myopianetwork.eu\/wp-content\/uploads\/2021\/10\/MYOPIA.png\",\"width\":1229,\"height\":263,\"caption\":\"Fundacja \\\"Okulistyka 21\\\"\"},\"image\":{\"@id\":\"https:\/\/myopianetwork.eu\/pl\/#\/schema\/logo\/image\/\"}}]}<\/script>\n<!-- \/ Yoast SEO plugin. -->","yoast_head_json":{"title":"2020 \u2013 2019 - Fundacja &quot;Okulistyka 21&quot;","robots":{"index":"index","follow":"follow","max-snippet":"max-snippet:-1","max-image-preview":"max-image-preview:large","max-video-preview":"max-video-preview:-1"},"canonical":"https:\/\/myopianetwork.eu\/pl\/artykuly\/2020-2019\/","og_locale":"pl_PL","og_type":"article","og_title":"2020 \u2013 2019 - Fundacja &quot;Okulistyka 21&quot;","og_url":"https:\/\/myopianetwork.eu\/pl\/artykuly\/2020-2019\/","og_site_name":"Fundacja &quot;Okulistyka 21&quot;","article_modified_time":"2025-08-28T11:21:59+00:00","twitter_card":"summary_large_image","twitter_misc":{"Szacowany czas czytania":"3 minuty"},"schema":{"@context":"https:\/\/schema.org","@graph":[{"@type":"WebPage","@id":"https:\/\/myopianetwork.eu\/pl\/artykuly\/2020-2019\/","url":"https:\/\/myopianetwork.eu\/pl\/artykuly\/2020-2019\/","name":"2020 \u2013 2019 - Fundacja &quot;Okulistyka 21&quot;","isPartOf":{"@id":"https:\/\/myopianetwork.eu\/pl\/#website"},"datePublished":"2025-06-24T13:16:38+00:00","dateModified":"2025-08-28T11:21:59+00:00","breadcrumb":{"@id":"https:\/\/myopianetwork.eu\/pl\/artykuly\/2020-2019\/#breadcrumb"},"inLanguage":"pl-PL","potentialAction":[{"@type":"ReadAction","target":["https:\/\/myopianetwork.eu\/pl\/artykuly\/2020-2019\/"]}]},{"@type":"BreadcrumbList","@id":"https:\/\/myopianetwork.eu\/pl\/artykuly\/2020-2019\/#breadcrumb","itemListElement":[{"@type":"ListItem","position":1,"name":"Strona g\u0142\u00f3wna","item":"https:\/\/myopianetwork.eu\/pl\/"},{"@type":"ListItem","position":2,"name":"2020 \u2013 2019"}]},{"@type":"WebSite","@id":"https:\/\/myopianetwork.eu\/pl\/#website","url":"https:\/\/myopianetwork.eu\/pl\/","name":"Fundacja \"Okulistyka 21\"","description":"","publisher":{"@id":"https:\/\/myopianetwork.eu\/pl\/#organization"},"potentialAction":[{"@type":"SearchAction","target":{"@type":"EntryPoint","urlTemplate":"https:\/\/myopianetwork.eu\/pl\/?s={search_term_string}"},"query-input":{"@type":"PropertyValueSpecification","valueRequired":true,"valueName":"search_term_string"}}],"inLanguage":"pl-PL"},{"@type":"Organization","@id":"https:\/\/myopianetwork.eu\/pl\/#organization","name":"Fundacja \"Okulistyka 21\"","url":"https:\/\/myopianetwork.eu\/pl\/","logo":{"@type":"ImageObject","inLanguage":"pl-PL","@id":"https:\/\/myopianetwork.eu\/pl\/#\/schema\/logo\/image\/","url":"https:\/\/myopianetwork.eu\/wp-content\/uploads\/2021\/10\/MYOPIA.png","contentUrl":"https:\/\/myopianetwork.eu\/wp-content\/uploads\/2021\/10\/MYOPIA.png","width":1229,"height":263,"caption":"Fundacja \"Okulistyka 21\""},"image":{"@id":"https:\/\/myopianetwork.eu\/pl\/#\/schema\/logo\/image\/"}}]}},"_links":{"self":[{"href":"https:\/\/myopianetwork.eu\/pl\/wp-json\/wp\/v2\/pages\/1850","targetHints":{"allow":["GET"]}}],"collection":[{"href":"https:\/\/myopianetwork.eu\/pl\/wp-json\/wp\/v2\/pages"}],"about":[{"href":"https:\/\/myopianetwork.eu\/pl\/wp-json\/wp\/v2\/types\/page"}],"author":[{"embeddable":true,"href":"https:\/\/myopianetwork.eu\/pl\/wp-json\/wp\/v2\/users\/1"}],"replies":[{"embeddable":true,"href":"https:\/\/myopianetwork.eu\/pl\/wp-json\/wp\/v2\/comments?post=1850"}],"version-history":[{"count":1,"href":"https:\/\/myopianetwork.eu\/pl\/wp-json\/wp\/v2\/pages\/1850\/revisions"}],"predecessor-version":[{"id":1851,"href":"https:\/\/myopianetwork.eu\/pl\/wp-json\/wp\/v2\/pages\/1850\/revisions\/1851"}],"up":[{"embeddable":true,"href":"https:\/\/myopianetwork.eu\/pl\/wp-json\/wp\/v2\/pages\/1868"}],"wp:attachment":[{"href":"https:\/\/myopianetwork.eu\/pl\/wp-json\/wp\/v2\/media?parent=1850"}],"curies":[{"name":"wp","href":"https:\/\/api.w.org\/{rel}","templated":true}]}}