{"id":1854,"date":"2025-07-02T10:03:36","date_gmt":"2025-07-02T08:03:36","guid":{"rendered":"https:\/\/myopianetwork.eu\/?page_id=1854"},"modified":"2025-08-28T13:22:45","modified_gmt":"2025-08-28T11:22:45","slug":"2023-3","status":"publish","type":"page","link":"https:\/\/myopianetwork.eu\/pl\/artykuly\/2023-3\/","title":{"rendered":"2023"},"content":{"rendered":"<section class=\"l-section wpb_row height_medium\"><div class=\"l-section-h i-cf\"><div class=\"g-cols vc_row via_flex valign_top type_default stacking_default\"><div class=\"vc_col-sm-12 wpb_column vc_column_container\"><div class=\"vc_column-inner\"><div class=\"wpb_wrapper\"><div class=\"w-separator size_small\"><\/div><div class=\"w-iconbox us_custom_7f6554ec has_text_color iconpos_left style_default color_secondary align_left no_text\"><a target=\"_blank\" rel=\"nofollow\" title=\"Deklaracja dost\u0119pno\u015bci\" href=\"\/wp-content\/uploads\/2025\/07\/Acta-Ophthalmologica-2023-Iribarren-Preservatives-and-pH-in-low\u2010dose-atropine-formulations-for-clinical-trials.pdf\" class=\"w-iconbox-link\" aria-label=\"1. Acta Ophthalmologica &#8211; 2023 &#8211; Iribarren &#8211; Preservatives and pH in low\u2010dose atropine formulations for clinical trials\"><div class=\"w-iconbox-icon\" style=\"font-size:2rem;\"><i class=\"fas fa-file-pdf\"><\/i><\/div><\/a><div class=\"w-iconbox-meta\"><p class=\"w-iconbox-title\"><a target=\"_blank\" rel=\"nofollow\" title=\"Deklaracja dost\u0119pno\u015bci\" href=\"\/wp-content\/uploads\/2025\/07\/Acta-Ophthalmologica-2023-Iribarren-Preservatives-and-pH-in-low\u2010dose-atropine-formulations-for-clinical-trials.pdf\" class=\"w-iconbox-link\" aria-label=\"1. Acta Ophthalmologica &#8211; 2023 &#8211; Iribarren &#8211; Preservatives and pH in low\u2010dose atropine formulations for clinical trials\">1. Acta Ophthalmologica &#8211; 2023 &#8211; Iribarren &#8211; Preservatives and pH in low\u2010dose atropine formulations for clinical trials<\/a><\/p><\/div><\/div><div class=\"w-separator size_small\"><\/div><div class=\"w-iconbox us_custom_2b0ccd65 has_text_color iconpos_left style_default color_secondary align_left no_title\"><div class=\"w-iconbox-icon\" style=\"font-size:1rem;\"><i class=\"fas fa-pen\"><\/i><\/div><div class=\"w-iconbox-meta\"><div class=\"w-iconbox-text\"><p>Rafael Iribarren, Celso Cunha, Hakan Kaymak, Andrzej Grzybowski<\/p>\n<\/div><\/div><\/div><div class=\"w-separator size_medium with_line width_default thick_1 style_solid color_border align_center\"><div class=\"w-separator-h\"><\/div><\/div><div class=\"w-iconbox us_custom_7f6554ec has_text_color iconpos_left style_default color_secondary align_left no_text\"><a target=\"_blank\" rel=\"nofollow\" title=\"Deklaracja dost\u0119pno\u015bci\" href=\"\/wp-content\/uploads\/2025\/07\/Comment-on-Development-and-Validation-of-a-Novel-Nomogram-for-Predicting-the-Occurrence-of-Myopia-in-Schoolchildren-A-Prospect.pdf\" class=\"w-iconbox-link\" aria-label=\"2. Comment on Development and Validation of a Novel Nomogram for Predicting the Occurrence of Myopia in Schoolchildren A Prospect\"><div class=\"w-iconbox-icon\" style=\"font-size:2rem;\"><i class=\"fas fa-file-pdf\"><\/i><\/div><\/a><div class=\"w-iconbox-meta\"><p class=\"w-iconbox-title\"><a target=\"_blank\" rel=\"nofollow\" title=\"Deklaracja dost\u0119pno\u015bci\" href=\"\/wp-content\/uploads\/2025\/07\/Comment-on-Development-and-Validation-of-a-Novel-Nomogram-for-Predicting-the-Occurrence-of-Myopia-in-Schoolchildren-A-Prospect.pdf\" class=\"w-iconbox-link\" aria-label=\"2. Comment on Development and Validation of a Novel Nomogram for Predicting the Occurrence of Myopia in Schoolchildren A Prospect\">2. Comment on Development and Validation of a Novel Nomogram for Predicting the Occurrence of Myopia in Schoolchildren A Prospect<\/a><\/p><\/div><\/div><div class=\"w-separator size_small\"><\/div><div class=\"w-iconbox us_custom_2b0ccd65 has_text_color iconpos_left style_default color_secondary align_left no_title\"><div class=\"w-iconbox-icon\" style=\"font-size:1rem;\"><i class=\"fas fa-pen\"><\/i><\/div><div class=\"w-iconbox-meta\"><div class=\"w-iconbox-text\"><p>Carla Lanca, Olavi Parssinen, Shiva Mehravaran, Klaus Nordhausen, Mohammad Hassan Emamian, Andrzej Grzybowski<\/p>\n<\/div><\/div><\/div><div class=\"w-separator size_medium with_line width_default thick_1 style_solid color_border align_center\"><div class=\"w-separator-h\"><\/div><\/div><div class=\"w-iconbox us_custom_7f6554ec has_text_color iconpos_left style_default color_secondary align_left no_text\"><a target=\"_blank\" rel=\"nofollow\" title=\"Deklaracja dost\u0119pno\u015bci\" href=\"\/wp-content\/uploads\/2025\/07\/Editorial-Refractive-errors-public-health-challenges-and-interventions.pdf\" class=\"w-iconbox-link\" aria-label=\"3. Editorial Refractive errors public health challenges and interventions\"><div class=\"w-iconbox-icon\" style=\"font-size:2rem;\"><i class=\"fas fa-file-pdf\"><\/i><\/div><\/a><div class=\"w-iconbox-meta\"><p class=\"w-iconbox-title\"><a target=\"_blank\" rel=\"nofollow\" title=\"Deklaracja dost\u0119pno\u015bci\" href=\"\/wp-content\/uploads\/2025\/07\/Editorial-Refractive-errors-public-health-challenges-and-interventions.pdf\" class=\"w-iconbox-link\" aria-label=\"3. Editorial Refractive errors public health challenges and interventions\">3. Editorial Refractive errors public health challenges and interventions<\/a><\/p><\/div><\/div><div class=\"w-separator size_small\"><\/div><div class=\"w-iconbox us_custom_2b0ccd65 has_text_color iconpos_left style_default color_secondary align_left no_title\"><div class=\"w-iconbox-icon\" style=\"font-size:1rem;\"><i class=\"fas fa-pen\"><\/i><\/div><div class=\"w-iconbox-meta\"><div class=\"w-iconbox-text\"><p>Carla Lanca, Chi Pui Pang, Andrzej Grzybowski<\/p>\n<\/div><\/div><\/div><div class=\"w-separator size_medium with_line width_default thick_1 style_solid color_border align_center\"><div class=\"w-separator-h\"><\/div><\/div><div class=\"w-iconbox us_custom_7f6554ec has_text_color iconpos_left style_default color_secondary align_left no_text\"><a target=\"_blank\" rel=\"nofollow\" title=\"Deklaracja dost\u0119pno\u015bci\" href=\"\/wp-content\/uploads\/2025\/07\/Effectiveness-of-myopia-control-interventions-A-systematic-review-of-12-randomized-control-trials-published-between-2019-and-2021.pdf\" class=\"w-iconbox-link\" aria-label=\"4. Effectiveness of myopia control interventions A systematic review of 12 randomized control trials published between 2019 and 2021\"><div class=\"w-iconbox-icon\" style=\"font-size:2rem;\"><i class=\"fas fa-file-pdf\"><\/i><\/div><\/a><div class=\"w-iconbox-meta\"><p class=\"w-iconbox-title\"><a target=\"_blank\" rel=\"nofollow\" title=\"Deklaracja dost\u0119pno\u015bci\" href=\"\/wp-content\/uploads\/2025\/07\/Effectiveness-of-myopia-control-interventions-A-systematic-review-of-12-randomized-control-trials-published-between-2019-and-2021.pdf\" class=\"w-iconbox-link\" aria-label=\"4. Effectiveness of myopia control interventions A systematic review of 12 randomized control trials published between 2019 and 2021\">4. Effectiveness of myopia control interventions A systematic review of 12 randomized control trials published between 2019 and 2021<\/a><\/p><\/div><\/div><div class=\"w-separator size_small\"><\/div><div class=\"w-iconbox us_custom_2b0ccd65 has_text_color iconpos_left style_default color_secondary align_left no_title\"><div class=\"w-iconbox-icon\" style=\"font-size:1rem;\"><i class=\"fas fa-pen\"><\/i><\/div><div class=\"w-iconbox-meta\"><div class=\"w-iconbox-text\"><p>Carla Lanca, Chi Pui Pang,\u00a0Andrzej Grzybowski<\/p>\n<\/div><\/div><\/div><div class=\"w-separator size_medium with_line width_default thick_1 style_solid color_border align_center\"><div class=\"w-separator-h\"><\/div><\/div><div class=\"w-iconbox us_custom_7f6554ec has_text_color iconpos_left style_default color_secondary align_left no_text\"><a target=\"_blank\" rel=\"nofollow\" href=\"\/wp-content\/uploads\/2025\/07\/Myopia-management-algorithm.-Annexe-to-the-article-titled-Update-and-guidance-on-management-of-myopia.-European-Society-of-Ophthalmology-in-cooperation-with-International-Myopia-Institute.pdf\" class=\"w-iconbox-link\" aria-label=\"5. Myopia management algorithm. Annexe to the article titled Update and guidance on management of myopia. European Society of Ophthalmology in cooperation with International Myopia Institute\"><div class=\"w-iconbox-icon\" style=\"font-size:2rem;\"><i class=\"fas fa-file-pdf\"><\/i><\/div><\/a><div class=\"w-iconbox-meta\"><p class=\"w-iconbox-title\"><a target=\"_blank\" rel=\"nofollow\" href=\"\/wp-content\/uploads\/2025\/07\/Myopia-management-algorithm.-Annexe-to-the-article-titled-Update-and-guidance-on-management-of-myopia.-European-Society-of-Ophthalmology-in-cooperation-with-International-Myopia-Institute.pdf\" class=\"w-iconbox-link\" aria-label=\"5. Myopia management algorithm. Annexe to the article titled Update and guidance on management of myopia. European Society of Ophthalmology in cooperation with International Myopia Institute\">5. Myopia management algorithm. Annexe to the article titled Update and guidance on management of myopia. European Society of Ophthalmology in cooperation with International Myopia Institute<\/a><\/p><\/div><\/div><div class=\"w-separator size_small\"><\/div><div class=\"w-iconbox us_custom_2b0ccd65 has_text_color iconpos_left style_default color_secondary align_left no_title\"><div class=\"w-iconbox-icon\" style=\"font-size:1rem;\"><i class=\"fas fa-pen\"><\/i><\/div><div class=\"w-iconbox-meta\"><div class=\"w-iconbox-text\"><p>Be\u00e1ta Tapaszt\u00f3, Daniel Ian Flitcroft, Wagih A Aclimandos, Jost B Jonas, Jan-Tjeerd H N De Faber, Zolt\u00e1n Zsolt Nagy, Philippe G Kestelyn, Ingrida Januleviciene, Andrzej Grzybowski, Christina Nicolaeva Vidinova, Jeremy A Guggenheim, Jan Roelof Polling, James S Wolffsohn, J Willem L Tideman, Peter M Allen, Rigmor C Baraas, Kathryn J Saunders, Sara J McCullough, Lyle S Gray, Siegfried Wahl, Irina Yurievna Smirnova, Marino Formenti, Hema Radhakrishnan, Serge Resnikoff, J\u00e1nos N\u00e9meth and SOE Myopia Consensus Group<\/p>\n<\/div><\/div><\/div><div class=\"w-separator size_medium with_line width_default thick_1 style_solid color_border align_center\"><div class=\"w-separator-h\"><\/div><\/div><div class=\"w-iconbox us_custom_7f6554ec has_text_color iconpos_left style_default color_secondary align_left no_text\"><a target=\"_blank\" rel=\"nofollow\" title=\"Deklaracja dost\u0119pno\u015bci\" href=\"\/wp-content\/uploads\/2025\/07\/The-Effectiveness-and-Tolerability-of-Atropine-Eye-Drops-for-Myopia-Control-in-Non-Asian-Regions.pdf\" class=\"w-iconbox-link\" aria-label=\"6. The Effectiveness and Tolerability of Atropine Eye Drops for Myopia Control in Non-Asian Regions\"><div class=\"w-iconbox-icon\" style=\"font-size:2rem;\"><i class=\"fas fa-file-pdf\"><\/i><\/div><\/a><div class=\"w-iconbox-meta\"><p class=\"w-iconbox-title\"><a target=\"_blank\" rel=\"nofollow\" title=\"Deklaracja dost\u0119pno\u015bci\" href=\"\/wp-content\/uploads\/2025\/07\/The-Effectiveness-and-Tolerability-of-Atropine-Eye-Drops-for-Myopia-Control-in-Non-Asian-Regions.pdf\" class=\"w-iconbox-link\" aria-label=\"6. The Effectiveness and Tolerability of Atropine Eye Drops for Myopia Control in Non-Asian Regions\">6. The Effectiveness and Tolerability of Atropine Eye Drops for Myopia Control in Non-Asian Regions<\/a><\/p><\/div><\/div><div class=\"w-separator size_small\"><\/div><div class=\"w-iconbox us_custom_2b0ccd65 has_text_color iconpos_left style_default color_secondary align_left no_title\"><div class=\"w-iconbox-icon\" style=\"font-size:1rem;\"><i class=\"fas fa-pen\"><\/i><\/div><div class=\"w-iconbox-meta\"><div class=\"w-iconbox-text\"><p>Dovile Simonaviciute, Andrzej Grzybowski , Carla Lanca , Chi Pui Pang, Arvydas Gelzinis and Reda Zemaitiene<\/p>\n<\/div><\/div><\/div><div class=\"w-separator size_medium with_line width_default thick_1 style_solid color_border align_center\"><div class=\"w-separator-h\"><\/div><\/div><div class=\"w-iconbox us_custom_7f6554ec has_text_color iconpos_left style_default color_secondary align_left no_text\"><a target=\"_blank\" rel=\"nofollow\" title=\"Deklaracja dost\u0119pno\u015bci\" href=\"\/wp-content\/uploads\/2025\/07\/Topical-Review-Studies-on-Management-of-Myopia-Progression-from-2019-to-2021.pdf\" class=\"w-iconbox-link\" aria-label=\"7. Topical Review Studies on Management of Myopia Progression from 2019 to 2021\"><div class=\"w-iconbox-icon\" style=\"font-size:2rem;\"><i class=\"fas fa-file-pdf\"><\/i><\/div><\/a><div class=\"w-iconbox-meta\"><p class=\"w-iconbox-title\"><a target=\"_blank\" rel=\"nofollow\" title=\"Deklaracja dost\u0119pno\u015bci\" href=\"\/wp-content\/uploads\/2025\/07\/Topical-Review-Studies-on-Management-of-Myopia-Progression-from-2019-to-2021.pdf\" class=\"w-iconbox-link\" aria-label=\"7. Topical Review Studies on Management of Myopia Progression from 2019 to 2021\">7. Topical Review Studies on Management of Myopia Progression from 2019 to 2021<\/a><\/p><\/div><\/div><div class=\"w-separator size_small\"><\/div><div class=\"w-iconbox us_custom_2b0ccd65 has_text_color iconpos_left style_default color_secondary align_left no_title\"><div class=\"w-iconbox-icon\" style=\"font-size:1rem;\"><i class=\"fas fa-pen\"><\/i><\/div><div class=\"w-iconbox-meta\"><div class=\"w-iconbox-text\"><p>Lanca C, Repka MX, Grzybowski A<\/p>\n<\/div><\/div><\/div><\/div><\/div><\/div><\/div><\/div><\/section>\n","protected":false},"excerpt":{"rendered":"1. Acta Ophthalmologica &#8211; 2023 &#8211; Iribarren &#8211; Preservatives and pH in low\u2010dose atropine formulations for clinical trialsRafael Iribarren, Celso Cunha, Hakan Kaymak, Andrzej Grzybowski 2. Comment on Development and Validation of a Novel Nomogram for Predicting the Occurrence of Myopia in Schoolchildren A ProspectCarla Lanca, Olavi Parssinen, Shiva Mehravaran, Klaus Nordhausen, Mohammad Hassan Emamian,...","protected":false},"author":1,"featured_media":0,"parent":1868,"menu_order":0,"comment_status":"closed","ping_status":"closed","template":"","meta":{"_acf_changed":false,"footnotes":""},"class_list":["post-1854","page","type-page","status-publish","hentry"],"acf":[],"yoast_head":"<!-- This site is optimized with the Yoast SEO plugin v25.3 - https:\/\/yoast.com\/wordpress\/plugins\/seo\/ -->\n<title>2023 - Fundacja &quot;Okulistyka 21&quot;<\/title>\n<meta name=\"robots\" content=\"index, follow, max-snippet:-1, max-image-preview:large, max-video-preview:-1\" \/>\n<link rel=\"canonical\" href=\"https:\/\/myopianetwork.eu\/pl\/artykuly\/2023-3\/\" \/>\n<meta property=\"og:locale\" content=\"pl_PL\" \/>\n<meta property=\"og:type\" content=\"article\" \/>\n<meta property=\"og:title\" content=\"2023 - Fundacja &quot;Okulistyka 21&quot;\" \/>\n<meta property=\"og:url\" content=\"https:\/\/myopianetwork.eu\/pl\/artykuly\/2023-3\/\" \/>\n<meta property=\"og:site_name\" content=\"Fundacja &quot;Okulistyka 21&quot;\" \/>\n<meta property=\"article:modified_time\" content=\"2025-08-28T11:22:45+00:00\" \/>\n<meta name=\"twitter:card\" content=\"summary_large_image\" \/>\n<meta name=\"twitter:label1\" content=\"Szacowany czas czytania\" \/>\n\t<meta name=\"twitter:data1\" content=\"2 minuty\" \/>\n<script type=\"application\/ld+json\" class=\"yoast-schema-graph\">{\"@context\":\"https:\/\/schema.org\",\"@graph\":[{\"@type\":\"WebPage\",\"@id\":\"https:\/\/myopianetwork.eu\/pl\/artykuly\/2023-3\/\",\"url\":\"https:\/\/myopianetwork.eu\/pl\/artykuly\/2023-3\/\",\"name\":\"2023 - Fundacja &quot;Okulistyka 21&quot;\",\"isPartOf\":{\"@id\":\"https:\/\/myopianetwork.eu\/pl\/#website\"},\"datePublished\":\"2025-07-02T08:03:36+00:00\",\"dateModified\":\"2025-08-28T11:22:45+00:00\",\"breadcrumb\":{\"@id\":\"https:\/\/myopianetwork.eu\/pl\/artykuly\/2023-3\/#breadcrumb\"},\"inLanguage\":\"pl-PL\",\"potentialAction\":[{\"@type\":\"ReadAction\",\"target\":[\"https:\/\/myopianetwork.eu\/pl\/artykuly\/2023-3\/\"]}]},{\"@type\":\"BreadcrumbList\",\"@id\":\"https:\/\/myopianetwork.eu\/pl\/artykuly\/2023-3\/#breadcrumb\",\"itemListElement\":[{\"@type\":\"ListItem\",\"position\":1,\"name\":\"Strona g\u0142\u00f3wna\",\"item\":\"https:\/\/myopianetwork.eu\/pl\/\"},{\"@type\":\"ListItem\",\"position\":2,\"name\":\"2023\"}]},{\"@type\":\"WebSite\",\"@id\":\"https:\/\/myopianetwork.eu\/pl\/#website\",\"url\":\"https:\/\/myopianetwork.eu\/pl\/\",\"name\":\"Fundacja \\\"Okulistyka 21\\\"\",\"description\":\"\",\"publisher\":{\"@id\":\"https:\/\/myopianetwork.eu\/pl\/#organization\"},\"potentialAction\":[{\"@type\":\"SearchAction\",\"target\":{\"@type\":\"EntryPoint\",\"urlTemplate\":\"https:\/\/myopianetwork.eu\/pl\/?s={search_term_string}\"},\"query-input\":{\"@type\":\"PropertyValueSpecification\",\"valueRequired\":true,\"valueName\":\"search_term_string\"}}],\"inLanguage\":\"pl-PL\"},{\"@type\":\"Organization\",\"@id\":\"https:\/\/myopianetwork.eu\/pl\/#organization\",\"name\":\"Fundacja \\\"Okulistyka 21\\\"\",\"url\":\"https:\/\/myopianetwork.eu\/pl\/\",\"logo\":{\"@type\":\"ImageObject\",\"inLanguage\":\"pl-PL\",\"@id\":\"https:\/\/myopianetwork.eu\/pl\/#\/schema\/logo\/image\/\",\"url\":\"https:\/\/myopianetwork.eu\/wp-content\/uploads\/2021\/10\/MYOPIA.png\",\"contentUrl\":\"https:\/\/myopianetwork.eu\/wp-content\/uploads\/2021\/10\/MYOPIA.png\",\"width\":1229,\"height\":263,\"caption\":\"Fundacja \\\"Okulistyka 21\\\"\"},\"image\":{\"@id\":\"https:\/\/myopianetwork.eu\/pl\/#\/schema\/logo\/image\/\"}}]}<\/script>\n<!-- \/ Yoast SEO plugin. -->","yoast_head_json":{"title":"2023 - Fundacja &quot;Okulistyka 21&quot;","robots":{"index":"index","follow":"follow","max-snippet":"max-snippet:-1","max-image-preview":"max-image-preview:large","max-video-preview":"max-video-preview:-1"},"canonical":"https:\/\/myopianetwork.eu\/pl\/artykuly\/2023-3\/","og_locale":"pl_PL","og_type":"article","og_title":"2023 - Fundacja &quot;Okulistyka 21&quot;","og_url":"https:\/\/myopianetwork.eu\/pl\/artykuly\/2023-3\/","og_site_name":"Fundacja &quot;Okulistyka 21&quot;","article_modified_time":"2025-08-28T11:22:45+00:00","twitter_card":"summary_large_image","twitter_misc":{"Szacowany czas czytania":"2 minuty"},"schema":{"@context":"https:\/\/schema.org","@graph":[{"@type":"WebPage","@id":"https:\/\/myopianetwork.eu\/pl\/artykuly\/2023-3\/","url":"https:\/\/myopianetwork.eu\/pl\/artykuly\/2023-3\/","name":"2023 - Fundacja &quot;Okulistyka 21&quot;","isPartOf":{"@id":"https:\/\/myopianetwork.eu\/pl\/#website"},"datePublished":"2025-07-02T08:03:36+00:00","dateModified":"2025-08-28T11:22:45+00:00","breadcrumb":{"@id":"https:\/\/myopianetwork.eu\/pl\/artykuly\/2023-3\/#breadcrumb"},"inLanguage":"pl-PL","potentialAction":[{"@type":"ReadAction","target":["https:\/\/myopianetwork.eu\/pl\/artykuly\/2023-3\/"]}]},{"@type":"BreadcrumbList","@id":"https:\/\/myopianetwork.eu\/pl\/artykuly\/2023-3\/#breadcrumb","itemListElement":[{"@type":"ListItem","position":1,"name":"Strona g\u0142\u00f3wna","item":"https:\/\/myopianetwork.eu\/pl\/"},{"@type":"ListItem","position":2,"name":"2023"}]},{"@type":"WebSite","@id":"https:\/\/myopianetwork.eu\/pl\/#website","url":"https:\/\/myopianetwork.eu\/pl\/","name":"Fundacja \"Okulistyka 21\"","description":"","publisher":{"@id":"https:\/\/myopianetwork.eu\/pl\/#organization"},"potentialAction":[{"@type":"SearchAction","target":{"@type":"EntryPoint","urlTemplate":"https:\/\/myopianetwork.eu\/pl\/?s={search_term_string}"},"query-input":{"@type":"PropertyValueSpecification","valueRequired":true,"valueName":"search_term_string"}}],"inLanguage":"pl-PL"},{"@type":"Organization","@id":"https:\/\/myopianetwork.eu\/pl\/#organization","name":"Fundacja \"Okulistyka 21\"","url":"https:\/\/myopianetwork.eu\/pl\/","logo":{"@type":"ImageObject","inLanguage":"pl-PL","@id":"https:\/\/myopianetwork.eu\/pl\/#\/schema\/logo\/image\/","url":"https:\/\/myopianetwork.eu\/wp-content\/uploads\/2021\/10\/MYOPIA.png","contentUrl":"https:\/\/myopianetwork.eu\/wp-content\/uploads\/2021\/10\/MYOPIA.png","width":1229,"height":263,"caption":"Fundacja \"Okulistyka 21\""},"image":{"@id":"https:\/\/myopianetwork.eu\/pl\/#\/schema\/logo\/image\/"}}]}},"_links":{"self":[{"href":"https:\/\/myopianetwork.eu\/pl\/wp-json\/wp\/v2\/pages\/1854","targetHints":{"allow":["GET"]}}],"collection":[{"href":"https:\/\/myopianetwork.eu\/pl\/wp-json\/wp\/v2\/pages"}],"about":[{"href":"https:\/\/myopianetwork.eu\/pl\/wp-json\/wp\/v2\/types\/page"}],"author":[{"embeddable":true,"href":"https:\/\/myopianetwork.eu\/pl\/wp-json\/wp\/v2\/users\/1"}],"replies":[{"embeddable":true,"href":"https:\/\/myopianetwork.eu\/pl\/wp-json\/wp\/v2\/comments?post=1854"}],"version-history":[{"count":1,"href":"https:\/\/myopianetwork.eu\/pl\/wp-json\/wp\/v2\/pages\/1854\/revisions"}],"predecessor-version":[{"id":1855,"href":"https:\/\/myopianetwork.eu\/pl\/wp-json\/wp\/v2\/pages\/1854\/revisions\/1855"}],"up":[{"embeddable":true,"href":"https:\/\/myopianetwork.eu\/pl\/wp-json\/wp\/v2\/pages\/1868"}],"wp:attachment":[{"href":"https:\/\/myopianetwork.eu\/pl\/wp-json\/wp\/v2\/media?parent=1854"}],"curies":[{"name":"wp","href":"https:\/\/api.w.org\/{rel}","templated":true}]}}